{"id":769,"date":"2026-04-15T11:36:46","date_gmt":"2026-04-15T09:36:46","guid":{"rendered":"https:\/\/cobdc.net\/18JCID\/?page_id=769"},"modified":"2026-04-15T13:43:42","modified_gmt":"2026-04-15T11:43:42","slug":"premi-trajectoria","status":"publish","type":"page","link":"https:\/\/cobdc.net\/18JCID\/premi-trajectoria\/","title":{"rendered":""},"content":{"rendered":"\n<div class=\"wp-block-group is-layout-flow wp-block-group-is-layout-flow\">\n<div class=\"wp-block-columns is-layout-flex wp-container-core-columns-is-layout-28f84493 wp-block-columns-is-layout-flex\">\n<div class=\"wp-block-column is-layout-flow wp-block-column-is-layout-flow\"><\/div>\n\n\n\n<div class=\"wp-block-column is-layout-flow wp-block-column-is-layout-flow\" style=\"flex-basis:1px\"><\/div>\n<\/div>\n\n\n\n<p class=\"has-text-align-center\" style=\"font-size:clamp(19.481px, 1.218rem + ((1vw - 3.2px) * 1.2), 31px);\"><strong>Premi Encap\u00e7alament a la Traject\u00f2ria<\/strong> <strong>Professional<\/strong><\/p>\n\n\n\n<div style=\"height:31px;width:0px\" aria-hidden=\"true\" class=\"wp-block-spacer\"><\/div>\n\n\n\n<div style=\"height:31px;width:0px\" aria-hidden=\"true\" class=\"wp-block-spacer\"><\/div>\n<\/div>\n\n\n\n<div class=\"wp-block-group alignfull is-vertical is-layout-flex wp-container-core-group-is-layout-ff279cff wp-block-group-is-layout-flex\" style=\"margin-top:0;margin-bottom:0;padding-top:var(--wp--preset--spacing--20);padding-right:var(--wp--preset--spacing--40);padding-bottom:var(--wp--preset--spacing--20);padding-left:var(--wp--preset--spacing--40)\">\n<p>El Col\u00b7legi Oficial de Bibliotecaris-Documentalistes de Catalunya (COBDC) convoca el <strong>Premi <em>Encap\u00e7alament <\/em>a la Traject\u00f2ria Professional<\/strong> amb la voluntat de recon\u00e8ixer la contribuci\u00f3 destacada d\u2019una col\u00b7legiada o col\u00b7legiat al llarg de la seva carrera en l\u2019\u00e0mbit de les biblioteques, la gesti\u00f3 de la informaci\u00f3 i la documentaci\u00f3 a Catalunya. Aquest guard\u00f3 posa en valor el comprom\u00eds, la dedicaci\u00f3 i l\u2019impacte professional de persones que han contribu\u00eft de manera significativa al desenvolupament i la millora del sector. Podeu consultar les <a href=\"https:\/\/cobdc.net\/18JCID\/wp-content\/uploads\/2026\/04\/Bases-Premi-Encapcalament.pdf\" target=\"_blank\" rel=\"noreferrer noopener\">bases del premi aqu\u00ed<\/a>.<\/p>\n\n\n\n<div style=\"height:0px;width:0px\" aria-hidden=\"true\" class=\"wp-block-spacer wp-container-content-a94db315\"><\/div>\n\n\n\n<p>En aquest context, es presenten les persones candidates a aquesta edici\u00f3 del premi, seleccionades pel comit\u00e8 organitzador i el comit\u00e8 cient\u00edfic, professionals amb traject\u00f2ries diverses i rellevants que han contribu\u00eft de manera significativa al desenvolupament de les biblioteques, la gesti\u00f3 de la informaci\u00f3 i la documentaci\u00f3 a Catalunya.<\/p>\n<\/div>\n\n\n\n<div class=\"wp-block-group alignfull is-content-justification-center is-layout-flex wp-container-core-group-is-layout-5f6db764 wp-block-group-is-layout-flex\" style=\"margin-top:0;margin-bottom:0;padding-top:var(--wp--preset--spacing--20);padding-right:var(--wp--preset--spacing--20);padding-bottom:var(--wp--preset--spacing--20);padding-left:var(--wp--preset--spacing--20)\">\n<div class=\"wp-block-columns alignwide are-vertically-aligned-center is-layout-flex wp-container-core-columns-is-layout-ff4b9c61 wp-block-columns-is-layout-flex\" style=\"margin-top:0;margin-bottom:0\">\n<div class=\"wp-block-column is-vertically-aligned-center has-background has-global-padding is-layout-constrained wp-container-core-column-is-layout-c38a71e4 wp-block-column-is-layout-constrained\" style=\"background-color:#f3d5b3;padding-right:var(--wp--preset--spacing--10);flex-basis:625px\">\n<div style=\"height:20px\" aria-hidden=\"true\" class=\"wp-block-spacer\"><\/div>\n\n\n\n<figure class=\"wp-block-image alignleft size-full is-resized has-custom-border\" style=\"margin-left:var(--wp--preset--spacing--10)\"><img decoding=\"async\" width=\"174\" height=\"200\" src=\"https:\/\/cobdc.net\/18JCID\/wp-content\/uploads\/2026\/04\/Carme-Mayol.png\" alt=\"\" class=\"has-border-color has-accent-2-border-color wp-image-761\" style=\"border-width:2px;border-top-left-radius:100px;border-top-right-radius:100px;border-bottom-left-radius:100px;border-bottom-right-radius:100px;aspect-ratio:0.8713615023474178;object-fit:cover;width:210px\"\/><\/figure>\n\n\n\n<p style=\"border-style:none;border-width:0px;border-top-left-radius:0px;border-top-right-radius:0px;border-bottom-left-radius:0px;border-bottom-right-radius:0px;font-size:clamp(14px, 0.875rem + ((1vw - 3.2px) * 0.625), 20px);\"><strong>Carme Mayol Fern\u00e1ndez<\/strong><\/p>\n\n\n\n<p class=\"has-text-color has-link-color wp-elements-04d8a23a2844c54b9d7475568d81668c\" style=\"color:#000000;font-size:10px\">\u00c9s una bibliotec\u00e0ria i docent catalana amb una destacada traject\u00f2ria en la biblioteconomia. Diplomada en Biblioteconomia i Documentaci\u00f3 i llicenciada en Llengua i Literatura Espanyola per la Universitat de Barcelona, va treballar com a bibliotec\u00e0ria a la UB i als Laboratoris Uriach. Entre 1976 i 2005 va ser professora de Biblioteconomia a la UB i va dirigir l\u2019Escola Universit\u00e0ria Jordi Rubi\u00f3 i Balaguer (1985-1990).<\/p>\n\n\n\n<p style=\"font-size:11px\"><\/p>\n\n\n\n<p style=\"font-size:10px\">Va presidir el Col\u00b7legi Oficial de Bibliotecaris-Documentalistes de Catalunya (1995-2000) i FESABID (1995-1997), i \u00e9s autora de textos normatius destacats com les <em>Normes per a biblioteques p\u00fabliques a Catalunya<\/em>. El 2003 va fundar l\u2019Associaci\u00f3 Lectura F\u00e0cil, que va codirigir fins al 2017. Per la seva contribuci\u00f3 a la professi\u00f3 i al comprom\u00eds social, va rebre la Creu de Sant Jordi el 2018.<\/p>\n\n\n\n<div style=\"height:14px\" aria-hidden=\"true\" class=\"wp-block-spacer\"><\/div>\n<\/div>\n\n\n\n<div class=\"wp-block-column is-vertically-aligned-center has-background has-global-padding is-layout-constrained wp-container-core-column-is-layout-c38a71e4 wp-block-column-is-layout-constrained\" style=\"background-color:#f3d5b3;padding-right:var(--wp--preset--spacing--10);flex-basis:625px\">\n<div style=\"height:20px\" aria-hidden=\"true\" class=\"wp-block-spacer\"><\/div>\n\n\n\n<figure class=\"wp-block-image alignleft size-full is-resized has-custom-border\" style=\"margin-left:var(--wp--preset--spacing--10)\"><img decoding=\"async\" width=\"174\" height=\"200\" src=\"https:\/\/cobdc.net\/18JCID\/wp-content\/uploads\/2026\/04\/Carme-Galve.png\" alt=\"\" class=\"has-border-color has-accent-2-border-color wp-image-760\" style=\"border-width:2px;border-top-left-radius:100px;border-top-right-radius:100px;border-bottom-left-radius:100px;border-bottom-right-radius:100px;aspect-ratio:0.8713615023474178;object-fit:contain;width:210px\"\/><\/figure>\n\n\n\n<p style=\"border-style:none;border-width:0px;border-top-left-radius:0px;border-top-right-radius:0px;border-bottom-left-radius:0px;border-bottom-right-radius:0px;font-size:clamp(14px, 0.875rem + ((1vw - 3.2px) * 0.625), 20px);\"><strong><strong>Carme Galve Montore<\/strong> <\/strong><\/p>\n\n\n\n<p class=\"has-text-color has-link-color wp-elements-5c36765d927466a593b57f103ba8c301\" style=\"color:#000000;font-size:10px\">\u00c9s bibliotec\u00e0ria i directora de la Biblioteca Jaume Fuster de Barcelona des de la seva inauguraci\u00f3 l\u2019any 2005, dins la xarxa de Biblioteques de Barcelona, on treballa des de 2001. Diplomada en Biblioteconomia i llicenciada en Documentaci\u00f3 per la Universitat de Barcelona, ha desenvolupat la seva traject\u00f2ria en la direcci\u00f3 i gesti\u00f3 de biblioteques p\u00fabliques.<\/p>\n\n\n\n<p style=\"font-size:11px\"><\/p>\n\n\n\n<p style=\"font-size:10px\">Ha participat activament en iniciatives professionals del sector, com a vicepresidenta del COBDC (2020\u20132024), membre del <em>Standing Committee<\/em> de Metropolitan Libraries de la IFLA (2017\u20132025) i secret\u00e0ria de FESABID. Tamb\u00e9 ha col\u00b7laborat en l\u2019\u00e0mbit acad\u00e8mic amb la UB i la UPF, i ha participat en consells editorials, jornades professionals i f\u00f2rums internacionals de biblioteques.<\/p>\n\n\n\n<div style=\"height:18px\" aria-hidden=\"true\" class=\"wp-block-spacer\"><\/div>\n<\/div>\n<\/div>\n<\/div>\n\n\n\n<div class=\"wp-block-group alignfull is-content-justification-center is-layout-flex wp-container-core-group-is-layout-5f6db764 wp-block-group-is-layout-flex\" style=\"margin-top:0;margin-bottom:0;padding-top:var(--wp--preset--spacing--20);padding-right:var(--wp--preset--spacing--20);padding-bottom:var(--wp--preset--spacing--20);padding-left:var(--wp--preset--spacing--20)\">\n<div class=\"wp-block-columns alignwide are-vertically-aligned-center is-layout-flex wp-container-core-columns-is-layout-ff4b9c61 wp-block-columns-is-layout-flex\" style=\"margin-top:0;margin-bottom:0\">\n<div class=\"wp-block-column is-vertically-aligned-center has-background has-global-padding is-layout-constrained wp-container-core-column-is-layout-c38a71e4 wp-block-column-is-layout-constrained\" style=\"background-color:#f3d5b3;padding-right:var(--wp--preset--spacing--10);flex-basis:625px\">\n<div style=\"height:20px\" aria-hidden=\"true\" class=\"wp-block-spacer\"><\/div>\n\n\n\n<figure class=\"wp-block-image alignleft size-full is-resized has-custom-border\" style=\"margin-left:var(--wp--preset--spacing--10)\"><img decoding=\"async\" width=\"174\" height=\"200\" src=\"https:\/\/cobdc.net\/18JCID\/wp-content\/uploads\/2026\/04\/Ciro-Llueca.png\" alt=\"\" class=\"has-border-color has-accent-2-border-color wp-image-754\" style=\"border-width:2px;border-top-left-radius:100px;border-top-right-radius:100px;border-bottom-left-radius:100px;border-bottom-right-radius:100px;aspect-ratio:0.8713615023474178;object-fit:cover;width:210px\"\/><\/figure>\n\n\n\n<p style=\"border-style:none;border-width:0px;border-top-left-radius:0px;border-top-right-radius:0px;border-bottom-left-radius:0px;border-bottom-right-radius:0px;font-size:clamp(14px, 0.875rem + ((1vw - 3.2px) * 0.625), 20px);\"><strong><strong>Ciro Llueca i Fonollosa<\/strong><\/strong><\/p>\n\n\n\n<p style=\"font-size:11px\"><\/p>\n\n\n\n<p class=\"has-text-color has-link-color wp-elements-995f6517587ac7f22b7dd50718958c4c\" style=\"color:#000000;margin-top:0;margin-right:0;margin-left:0;font-size:10px\">\u00c9s un professional del sector de les biblioteques, la documentaci\u00f3 i el patrimoni cultural amb prop de vint-i-cinc anys d\u2019experi\u00e8ncia en institucions p\u00fabliques i privades. Diplomat en Biblioteconomia i Documentaci\u00f3 (UB), llicenciat en Documentaci\u00f3 i graduat en Dret (UOC) i m\u00e0ster en Documentaci\u00f3 Digital (UPF), ha desenvolupat responsabilitats de gesti\u00f3 i direcci\u00f3 en diverses institucions culturals.<\/p>\n\n\n\n<p style=\"font-size:10px\">Ha treballat al CCCB, a la Biblioteca de Catalunya \u2014on va coordinar el PADICAT\u2014 i a la Filmoteca de Catalunya. Des del 2015 ocupa c\u00e0rrecs de responsabilitat a la UOC, primer com a director de l\u2019\u00c0rea de Biblioteca i Recursos d\u2019Aprenentatge i actualment com a vicegerent de Recerca, Transfer\u00e8ncia i Emprenedoria. Tamb\u00e9 ha estat professor universitari durant gaireb\u00e9 dues d\u00e8cades i vicepresident del COBDC (2003-2006), i participa activament en iniciatives professionals vinculades a l\u2019acc\u00e9s obert, la propietat intel\u00b7lectual i la comunicaci\u00f3 cient\u00edfica.<\/p>\n\n\n\n<div style=\"height:14px\" aria-hidden=\"true\" class=\"wp-block-spacer\"><\/div>\n<\/div>\n\n\n\n<div class=\"wp-block-column is-vertically-aligned-center has-background has-global-padding is-layout-constrained wp-container-core-column-is-layout-c38a71e4 wp-block-column-is-layout-constrained\" style=\"background-color:#f3d5b3;padding-right:var(--wp--preset--spacing--10);flex-basis:625px\">\n<div style=\"height:20px\" aria-hidden=\"true\" class=\"wp-block-spacer\"><\/div>\n\n\n\n<figure class=\"wp-block-image alignleft size-full is-resized has-custom-border\" style=\"margin-right:var(--wp--preset--spacing--10);margin-left:var(--wp--preset--spacing--10)\"><img loading=\"lazy\" decoding=\"async\" width=\"174\" height=\"200\" src=\"https:\/\/cobdc.net\/18JCID\/wp-content\/uploads\/2026\/04\/Dolors-Saumell.png\" alt=\"\" class=\"has-border-color has-accent-2-border-color wp-image-755\" style=\"border-width:2px;border-top-left-radius:100px;border-top-right-radius:100px;border-bottom-left-radius:100px;border-bottom-right-radius:100px;aspect-ratio:0.8713615023474178;object-fit:cover;width:210px\"\/><\/figure>\n\n\n\n<p style=\"border-style:none;border-width:0px;border-top-left-radius:0px;border-top-right-radius:0px;border-bottom-left-radius:0px;border-bottom-right-radius:0px;font-size:clamp(14px, 0.875rem + ((1vw - 3.2px) * 0.625), 20px);\"><strong><strong><strong>Dolors Saumell Calaf<\/strong><\/strong><\/strong><\/p>\n\n\n\n<p style=\"font-size:11px\"><\/p>\n\n\n\n<p class=\"has-text-color has-link-color wp-elements-2b338ba17d6860377ca949151b240a18\" style=\"color:#000000;font-size:10px\">\u00c9s bibliotec\u00e0ria i directora de la Biblioteca P\u00fablica de Tarragona des de 2010, centre on treballa des de 1988. Llicenciada en Geografia i Hist\u00f2ria i diplomada en Biblioteconomia, ha impulsat una biblioteca oberta a la ciutadania, orientada a la promoci\u00f3 de la lectura, l\u2019acc\u00e9s igualitari a la cultura i la dinamitzaci\u00f3 social.<\/p>\n\n\n\n<p style=\"font-size:10px\">Al llarg de la seva traject\u00f2ria ha fomentat activitats com clubs de lectura, programes per a infants i fam\u00edlies i iniciatives de difusi\u00f3 del patrimoni bibliogr\u00e0fic. Tamb\u00e9 ha participat en l\u2019\u00e0mbit professional, entre altres c\u00e0rrecs com a secret\u00e0ria del COBDC (2013\u20132014), destacant pel seu comprom\u00eds amb una biblioteca p\u00fablica propera, inclusiva i accessible. <\/p>\n\n\n\n<div style=\"height:18px\" aria-hidden=\"true\" class=\"wp-block-spacer\"><\/div>\n<\/div>\n<\/div>\n<\/div>\n\n\n\n<div class=\"wp-block-group alignfull is-content-justification-center is-layout-flex wp-container-core-group-is-layout-5f6db764 wp-block-group-is-layout-flex\" style=\"margin-top:0;margin-bottom:0;padding-top:var(--wp--preset--spacing--20);padding-right:var(--wp--preset--spacing--20);padding-bottom:var(--wp--preset--spacing--20);padding-left:var(--wp--preset--spacing--20)\">\n<div class=\"wp-block-columns alignwide is-layout-flex wp-container-core-columns-is-layout-ff4b9c61 wp-block-columns-is-layout-flex\" style=\"margin-top:0;margin-bottom:0\">\n<div class=\"wp-block-column has-background has-global-padding is-layout-constrained wp-container-core-column-is-layout-c38a71e4 wp-block-column-is-layout-constrained\" style=\"background-color:#f3d5b3;padding-right:var(--wp--preset--spacing--10);flex-basis:625px\">\n<div style=\"height:20px\" aria-hidden=\"true\" class=\"wp-block-spacer\"><\/div>\n\n\n\n<figure class=\"wp-block-image alignleft size-full is-resized has-custom-border\" style=\"margin-left:var(--wp--preset--spacing--10)\"><img loading=\"lazy\" decoding=\"async\" width=\"174\" height=\"200\" src=\"https:\/\/cobdc.net\/18JCID\/wp-content\/uploads\/2026\/04\/Eugenia-Serra.png\" alt=\"\" class=\"has-border-color has-accent-2-border-color wp-image-756\" style=\"border-width:2px;border-top-left-radius:100px;border-top-right-radius:100px;border-bottom-left-radius:100px;border-bottom-right-radius:100px;aspect-ratio:0.8713615023474178;object-fit:cover;width:210px\"\/><\/figure>\n\n\n\n<p style=\"border-style:none;border-width:0px;border-top-left-radius:0px;border-top-right-radius:0px;border-bottom-left-radius:0px;border-bottom-right-radius:0px;font-size:clamp(14px, 0.875rem + ((1vw - 3.2px) * 0.625), 20px);\"><strong><strong><strong>Eug\u00e8nia Serra Aranda<\/strong><\/strong><\/strong><\/p>\n\n\n\n<p class=\"has-text-color has-link-color wp-elements-b045708f2751e972b48a6593cfe80270\" style=\"color:#000000;font-size:10px\">\u00c9s bibliotec\u00e0ria i directora de la Biblioteca de Catalunya des de 2012, instituci\u00f3 on treballa des de 1983. Diplomada en Biblioteconomia i Documentaci\u00f3 (UB) i llicenciada en Documentaci\u00f3 (UOC), ha desenvolupat diverses responsabilitats en \u00e0rees com la coordinaci\u00f3 general, el proc\u00e9s t\u00e8cnic, els serveis d\u2019acc\u00e9s a la informaci\u00f3 i les tecnologies.<\/p>\n\n\n\n<p style=\"font-size:11px\"><\/p>\n\n\n\n<p style=\"font-size:10px\">Ha impulsat projectes destacats de patrimoni digital i difusi\u00f3 cultural com ARCA, PADICAT, COFRE, els portals <em>Patrimoni d\u2019Editors i Editats de Catalunya<\/em> i <em>Il\u00b7lustraci\u00f3 i C\u00f2mic<\/em>, aix\u00ed com l\u2019agregador Catal\u00f2nica, i ha participat en iniciatives internacionals com Europeana i Google Llibres. Va ser presidenta del COBDC (2003\u20132006), professora associada a la UB i participa activament en comissions i iniciatives professionals del sector.<\/p>\n\n\n\n<div style=\"height:20px\" aria-hidden=\"true\" class=\"wp-block-spacer\"><\/div>\n<\/div>\n\n\n\n<div class=\"wp-block-column has-background has-global-padding is-layout-constrained wp-container-core-column-is-layout-c38a71e4 wp-block-column-is-layout-constrained\" style=\"background-color:#f3d5b3;padding-right:var(--wp--preset--spacing--10);flex-basis:625px\">\n<div style=\"height:15px\" aria-hidden=\"true\" class=\"wp-block-spacer\"><\/div>\n\n\n\n<figure class=\"wp-block-image alignleft size-full is-resized has-custom-border\" style=\"margin-left:var(--wp--preset--spacing--10)\"><img loading=\"lazy\" decoding=\"async\" width=\"174\" height=\"200\" src=\"https:\/\/cobdc.net\/18JCID\/wp-content\/uploads\/2026\/04\/Javier-Guallar.png\" alt=\"\" class=\"has-border-color has-accent-2-border-color wp-image-757\" style=\"border-width:2px;border-top-left-radius:100px;border-top-right-radius:100px;border-bottom-left-radius:100px;border-bottom-right-radius:100px;aspect-ratio:0.8713615023474178;object-fit:cover;width:210px\"\/><\/figure>\n\n\n\n<p style=\"border-style:none;border-width:0px;border-top-left-radius:0px;border-top-right-radius:0px;border-bottom-left-radius:0px;border-bottom-right-radius:0px;font-size:clamp(14px, 0.875rem + ((1vw - 3.2px) * 0.625), 20px);\"><strong><strong><strong><strong>Javier Guallar<\/strong><\/strong><\/strong><\/strong><\/p>\n\n\n\n<p class=\"has-text-color has-link-color wp-elements-84f58f430276b05bec71e240b6bbe80b\" style=\"color:#000000;font-size:10px\">\u00c9s professor de la Facultat d\u2019Informaci\u00f3 i Mitjans Audiovisuals (FIMA) de la Universitat de Barcelona i investigador del CRICC. Est\u00e0 especialitzat en curaci\u00f3 de continguts, documentaci\u00f3 period\u00edstica, mitjans socials i comunicaci\u00f3 acad\u00e8mica. Ha publicat tres llibres i m\u00e9s de 70 articles cient\u00edfics, i \u00e9s coautor d\u2019obres de refer\u00e8ncia com <em>El content curator<\/em> i <em>Las 4S\u2019s de la content curation<\/em>.<\/p>\n\n\n\n<p style=\"font-size:11px\"><\/p>\n\n\n\n<p style=\"font-size:10px\">\u00c9s subdirector de la revista <em>Profesional de la informaci\u00f3n (EPI)<\/em> i dirigeix col\u00b7leccions editorials a l\u2019editorial UOC. Ha desenvolupat una traject\u00f2ria destacada en l\u2019\u00e0mbit de la documentaci\u00f3, la comunicaci\u00f3 digital i la difusi\u00f3 del coneixement acad\u00e8mic.<\/p>\n<\/div>\n<\/div>\n<\/div>\n\n\n\n<div class=\"wp-block-group alignfull is-content-justification-center is-nowrap is-layout-flex wp-container-core-group-is-layout-7142f0c7 wp-block-group-is-layout-flex\" style=\"margin-top:0;margin-bottom:0;padding-top:var(--wp--preset--spacing--20);padding-right:var(--wp--preset--spacing--20);padding-bottom:var(--wp--preset--spacing--20);padding-left:var(--wp--preset--spacing--20)\">\n<div class=\"wp-block-columns alignwide is-layout-flex wp-container-core-columns-is-layout-ff4b9c61 wp-block-columns-is-layout-flex\" style=\"margin-top:0;margin-bottom:0\">\n<div class=\"wp-block-column has-background has-global-padding is-layout-constrained wp-container-core-column-is-layout-c38a71e4 wp-block-column-is-layout-constrained\" style=\"background-color:#f3d5b3;padding-right:var(--wp--preset--spacing--10);flex-basis:625px\">\n<div style=\"height:20px\" aria-hidden=\"true\" class=\"wp-block-spacer\"><\/div>\n\n\n\n<figure class=\"wp-block-image alignleft size-full is-resized has-custom-border\" style=\"margin-left:var(--wp--preset--spacing--10)\"><img loading=\"lazy\" decoding=\"async\" width=\"174\" height=\"200\" src=\"https:\/\/cobdc.net\/18JCID\/wp-content\/uploads\/2026\/04\/Montserrat-Grabolosa.png\" alt=\"\" class=\"has-border-color has-accent-2-border-color wp-image-758\" style=\"border-width:2px;border-top-left-radius:100px;border-top-right-radius:100px;border-bottom-left-radius:100px;border-bottom-right-radius:100px;aspect-ratio:0.8713615023474178;object-fit:cover;width:210px\"\/><\/figure>\n\n\n\n<p style=\"border-style:none;border-width:0px;border-top-left-radius:0px;border-top-right-radius:0px;border-bottom-left-radius:0px;border-bottom-right-radius:0px;font-size:clamp(14px, 0.875rem + ((1vw - 3.2px) * 0.625), 20px);\"><strong><strong><strong><strong>Montserrat Grabolosa Sellabona<\/strong><\/strong><\/strong><\/strong><\/p>\n\n\n\n<p class=\"has-text-color has-link-color wp-elements-0c696118911ea31d1abfd46496f6a730\" style=\"color:#000000;font-size:10px\">\u00c9sbibliotec\u00e0ria-documentalista del Centre de Documentaci\u00f3 del Parc Natural de la Zona Volc\u00e0nica de la Garrotxa des de 1994, on desenvolupa tasques de gesti\u00f3, tractament i difusi\u00f3 de la documentaci\u00f3, aix\u00ed com de dinamitzaci\u00f3 del centre.<\/p>\n\n\n\n<p style=\"font-size:11px\"><\/p>\n\n\n\n<p style=\"font-size:10px\">Ha contribu\u00eft a la visibilitat i coordinaci\u00f3 dels centres de documentaci\u00f3 ambiental mitjan\u00e7ant la seva participaci\u00f3 en iniciatives com la xarxa #DocAmbCat i RECIDA. Tamb\u00e9 ha presentat comunicacions en jornades professionals i ha publicat diversos articles, destacant pel seu comprom\u00eds amb la sostenibilitat i l\u2019educaci\u00f3 ambiental des de les biblioteques i centres de documentaci\u00f3.<\/p>\n\n\n\n<div style=\"height:30px\" aria-hidden=\"true\" class=\"wp-block-spacer\"><\/div>\n<\/div>\n\n\n\n<div class=\"wp-block-column has-background has-global-padding is-layout-constrained wp-container-core-column-is-layout-d006d4d6 wp-block-column-is-layout-constrained\" style=\"background-color:#f3d5b3;padding-right:var(--wp--preset--spacing--20);flex-basis:625px\">\n<div style=\"height:20px\" aria-hidden=\"true\" class=\"wp-block-spacer\"><\/div>\n\n\n\n<figure class=\"wp-block-image alignleft size-full is-resized has-custom-border\" style=\"margin-left:var(--wp--preset--spacing--10)\"><img loading=\"lazy\" decoding=\"async\" width=\"174\" height=\"200\" src=\"https:\/\/cobdc.net\/18JCID\/wp-content\/uploads\/2026\/04\/Nuria-Ventura.png\" alt=\"\" class=\"has-border-color has-accent-2-border-color wp-image-759\" style=\"border-width:2px;border-top-left-radius:100px;border-top-right-radius:100px;border-bottom-left-radius:100px;border-bottom-right-radius:100px;aspect-ratio:0.8713615023474178;object-fit:cover;width:210px\"\/><\/figure>\n\n\n\n<p style=\"border-style:none;border-width:0px;border-top-left-radius:0px;border-top-right-radius:0px;border-bottom-left-radius:0px;border-bottom-right-radius:0px;font-size:clamp(14px, 0.875rem + ((1vw - 3.2px) * 0.625), 20px);\"><strong><strong><strong><strong><strong>N\u00faria Ventura Bosch<\/strong><\/strong><\/strong><\/strong><\/strong><\/p>\n\n\n\n<p class=\"has-text-color has-link-color wp-elements-d4e464419bfa4c0b97b641d5d49b8d32\" style=\"color:#000000;font-size:10px\">\u00c9suna bibliotec\u00e0ria i pedagoga catalana destacada per la seva contribuci\u00f3 al desenvolupament de les biblioteques p\u00fabliques i a la promoci\u00f3 de la lectura infantil en catal\u00e0. Va ser directora de diverses biblioteques (1970-1985), cap de la Xarxa de Biblioteques Municipals de la Diputaci\u00f3 de Barcelona (1986-1995) i posteriorment cap de Coordinaci\u00f3 i Serveis Bibliotecaris fins al 2013.<\/p>\n\n\n\n<p style=\"font-size:11px\"><\/p>\n\n\n\n<p style=\"font-size:10px\">Va impulsar la modernitzaci\u00f3 del sistema de biblioteques p\u00fabliques \u2014amb nous est\u00e0ndards, la informatitzaci\u00f3 i el desenvolupament de la xarxa de bibliobusos\u2014 i va promoure la creaci\u00f3 de l\u2019Associaci\u00f3 de Bibliotecaris de Catalunya. Tamb\u00e9 ha destacat com a cr\u00edtica de literatura infantil en diversos mitjans i per la seva implicaci\u00f3 en la defensa de la cultura i la llengua catalanes.<\/p>\n\n\n\n<div style=\"height:30px\" aria-hidden=\"true\" class=\"wp-block-spacer\"><\/div>\n<\/div>\n<\/div>\n<\/div>\n\n\n\n<div class=\"wp-block-group alignfull is-vertical is-layout-flex wp-container-core-group-is-layout-6493d412 wp-block-group-is-layout-flex\" style=\"margin-top:0;margin-bottom:0;padding-top:var(--wp--preset--spacing--20);padding-right:var(--wp--preset--spacing--20);padding-bottom:var(--wp--preset--spacing--20);padding-left:var(--wp--preset--spacing--20)\">\n<p>Un cop presentades les candidatures, el proc\u00e9s de votaci\u00f3 s\u2019adre\u00e7a al conjunt de col\u00b7legiades i col\u00b7legiats del COBDC, que podran emetre el seu vot entre el 16 i el 30 d\u2019abril. El formulari de votaci\u00f3 es far\u00e0 arribar per correu electr\u00f2nic el dia 16 al mat\u00ed.<\/p>\n\n\n\n<div style=\"height:0px;width:0px\" aria-hidden=\"true\" class=\"wp-block-spacer wp-container-content-a94db315\"><\/div>\n<\/div>\n","protected":false},"excerpt":{"rendered":"<p>Premi Encap\u00e7alament a la Traject\u00f2ria Professional El Col\u00b7legi Oficial de Bibliotecaris-Documentalistes de Catalunya (COBDC) convoca el Premi Encap\u00e7alament a la Traject\u00f2ria Professional amb la voluntat de recon\u00e8ixer la contribuci\u00f3 destacada d\u2019una col\u00b7legiada o col\u00b7legiat al llarg de la seva carrera en l\u2019\u00e0mbit de les biblioteques, la gesti\u00f3 de la informaci\u00f3 i la documentaci\u00f3 a Catalunya. [&hellip;]<\/p>\n","protected":false},"author":1,"featured_media":0,"parent":0,"menu_order":0,"comment_status":"closed","ping_status":"closed","template":"","meta":{"footnotes":""},"class_list":["post-769","page","type-page","status-publish","hentry"],"_links":{"self":[{"href":"https:\/\/cobdc.net\/18JCID\/wp-json\/wp\/v2\/pages\/769","targetHints":{"allow":["GET"]}}],"collection":[{"href":"https:\/\/cobdc.net\/18JCID\/wp-json\/wp\/v2\/pages"}],"about":[{"href":"https:\/\/cobdc.net\/18JCID\/wp-json\/wp\/v2\/types\/page"}],"author":[{"embeddable":true,"href":"https:\/\/cobdc.net\/18JCID\/wp-json\/wp\/v2\/users\/1"}],"replies":[{"embeddable":true,"href":"https:\/\/cobdc.net\/18JCID\/wp-json\/wp\/v2\/comments?post=769"}],"version-history":[{"count":60,"href":"https:\/\/cobdc.net\/18JCID\/wp-json\/wp\/v2\/pages\/769\/revisions"}],"predecessor-version":[{"id":852,"href":"https:\/\/cobdc.net\/18JCID\/wp-json\/wp\/v2\/pages\/769\/revisions\/852"}],"wp:attachment":[{"href":"https:\/\/cobdc.net\/18JCID\/wp-json\/wp\/v2\/media?parent=769"}],"curies":[{"name":"wp","href":"https:\/\/api.w.org\/{rel}","templated":true}]}}