{"id":682,"date":"2026-03-31T11:23:19","date_gmt":"2026-03-31T09:23:19","guid":{"rendered":"https:\/\/cobdc.net\/18JCID\/?page_id=682"},"modified":"2026-04-29T10:09:17","modified_gmt":"2026-04-29T08:09:17","slug":"programa-dia-5","status":"publish","type":"page","link":"https:\/\/cobdc.net\/18JCID\/programa-dia-5\/","title":{"rendered":""},"content":{"rendered":"\n<div class=\"wp-block-group alignfull has-base-2-background-color has-background has-global-padding is-layout-constrained wp-container-core-group-is-layout-669513ed wp-block-group-is-layout-constrained\" style=\"margin-top:0;margin-bottom:0;padding-top:var(--wp--preset--spacing--50);padding-right:var(--wp--preset--spacing--50);padding-bottom:var(--wp--preset--spacing--50);padding-left:var(--wp--preset--spacing--50)\">\n<div class=\"wp-block-columns alignwide is-layout-flex wp-container-core-columns-is-layout-d0bbbce0 wp-block-columns-is-layout-flex\">\n\n\n<div class=\"wp-block-column has-background is-layout-flow wp-container-core-column-is-layout-e3d1c41b wp-block-column-is-layout-flow\" style=\"background-color:#c1d8f2\">\n<h3 class=\"wp-block-heading has-text-align-left is-style-default has-base-2-color has-accent-3-background-color has-text-color has-background has-link-color has-body-font-family wp-elements-2d317908d4eb83a8a0e696669c088c0f\" style=\"font-size:clamp(0.984rem, 0.984rem + ((1vw - 0.2rem) * 0.86), 1.5rem);font-style:normal;font-weight:600\">PROGRAMA DIA 5 DE JUNY<\/h3>\n<\/div>\n\n\n<\/div>\n\n\n\n<div class=\"wp-block-columns alignwide is-layout-flex wp-container-core-columns-is-layout-d0bbbce0 wp-block-columns-is-layout-flex\">\n\n\n<div class=\"wp-block-column has-background is-layout-flow wp-container-core-column-is-layout-e3d1c41b wp-block-column-is-layout-flow\" style=\"background-color:#c1d8f2\">\n<h3 class=\"wp-block-heading has-text-align-left is-style-default has-base-2-color has-accent-3-background-color has-text-color has-background has-link-color has-body-font-family wp-elements-cab698b376077fa92b4b3ef8654712e6\" style=\"font-size:clamp(0.984rem, 0.984rem + ((1vw - 0.2rem) * 0.86), 1.5rem);font-style:normal;font-weight:600\">ESPAI AUDITORI<\/h3>\n<\/div>\n\n\n<\/div>\n\n\n\n<div style=\"margin-top:0;margin-bottom:0;height:min(4rem, 5vw)\" aria-hidden=\"true\" class=\"wp-block-spacer\"><\/div>\n\n\n\n<div style=\"height:var(--wp--preset--spacing--20)\" aria-hidden=\"true\" class=\"wp-block-spacer\"><\/div>\n\n\n\n<div class=\"wp-block-columns alignwide is-layout-flex wp-container-core-columns-is-layout-d0bbbce0 wp-block-columns-is-layout-flex\">\n\n\n<div class=\"wp-block-column is-layout-flow wp-container-core-column-is-layout-e3d1c41b wp-block-column-is-layout-flow\">\n<h3 class=\"wp-block-heading has-text-align-left is-style-asterisk has-body-font-family has-medium-font-size\" style=\"font-style:normal;font-weight:600\">9.00 &#8211; <strong><strong>Presentaci\u00f3 de comunicacions i experi\u00e8ncies.<\/strong><\/strong><\/h3>\n\n\n\n<p class=\"has-text-align-left\" style=\"font-size:14px\"><strong>Que no et colin cap bola.<\/strong> \u2013 Autors: <strong>M. Rosa Moreno Sampedro<\/strong> i <strong>\u00d3scar Sotillos L\u00f3pez<\/strong>. Servei de Biblioteques Blanquerna &#8211; Universitat Ramon Llull.<\/p>\n\n\n\n<p><strong>La documentaci\u00f3 del patrimoni universitari a la Universitat de Barcelona: una perspectiva GLAM<\/strong>. \u2013 Autores: <strong>Marina Salse Rovira<\/strong>, Facultat d\u2019Informaci\u00f3 i Mitjans Audiovisuals; <strong>Maria Pilar Mateo Bretos<\/strong>, Vicerectorat de Cultura, Mem\u00f2ria i Patrimoni.<\/p>\n\n\n\n<p><strong>Cocrea Bibliolab: Laboratori editorial. &#8211;<\/strong> Autors: <strong>Cristina Amatriain Ruiz<\/strong>, <strong>Francisco Rubio Perera<\/strong>. Biblioteca La Florida.<\/p>\n\n\n\n<p class=\"has-text-align-left\"><strong>P\u00f2dcast Signatura 027, el p\u00f2dcast sobre les biblioteques p\u00fabliques<\/strong>. &#8211;&nbsp; Autora: <strong>Gl\u00f2ria Bricoll\u00e9 S\u00e1nchez<\/strong>, Directora de la Biblioteca Municipal Ramon Bosch de Noya de Sant Sadurn\u00ed d\u2019Anoia.<\/p>\n\n\n\n<div style=\"margin-top:0;margin-bottom:0;height:16px\" aria-hidden=\"true\" class=\"wp-block-spacer\"><\/div>\n<\/div>\n\n\n<\/div>\n\n\n\n<div style=\"margin-top:0;margin-bottom:0;height:16px\" aria-hidden=\"true\" class=\"wp-block-spacer\"><\/div>\n\n\n\n<div class=\"wp-block-columns alignwide is-layout-flex wp-container-core-columns-is-layout-d0bbbce0 wp-block-columns-is-layout-flex\">\n\n\n<div class=\"wp-block-column is-layout-flow wp-container-core-column-is-layout-e3d1c41b wp-block-column-is-layout-flow\">\n<h3 class=\"wp-block-heading has-text-align-left is-style-asterisk has-body-font-family has-medium-font-size\" style=\"font-style:normal;font-weight:600\">9.45 &#8211; <strong><strong>Taula rodona: Refugi del coneixement i la cultura<\/strong><\/strong><\/h3>\n\n\n\n<p class=\"has-text-align-left\">Amb <strong>Germ\u00e0 Capdevila<\/strong>, president de l&#8217;APPEC i editor; <strong>Lourdes Prades<\/strong>, cap del CRAI Biblioteca del Pavell\u00f3 de la Rep\u00fablica; <strong>Paloma Gueilburt<\/strong>, coordinadora del projecte del Repositori Digital MACBA; <strong>Pedro Rivilla<\/strong>, documentalista audiovisual a TV3.<\/p>\n\n\n\n<p class=\"has-text-align-left\">Modera: <strong>Llu\u00eds Agust\u00ed<\/strong>, professor de la Facultat d\u2019Informaci\u00f3 i Mitjans Audiovisuals, director de l\u2019Escola de Llibreria del Gremi de Llibreters de Catalunya i la Universitat de Barcelona, i coordinador del postgrau de Prescripci\u00f3 Lectora<\/p>\n<\/div>\n\n\n<\/div>\n\n\n\n<div style=\"height:var(--wp--preset--spacing--20)\" aria-hidden=\"true\" class=\"wp-block-spacer\"><\/div>\n\n\n\n<div class=\"wp-block-columns alignwide is-layout-flex wp-container-core-columns-is-layout-d0bbbce0 wp-block-columns-is-layout-flex\">\n\n\n<div class=\"wp-block-column has-background is-layout-flow wp-container-core-column-is-layout-e3d1c41b wp-block-column-is-layout-flow\" style=\"background-color:#c1d8f2\">\n<h3 class=\"wp-block-heading has-text-align-left is-style-asterisk has-body-font-family has-medium-font-size\" style=\"font-style:normal;font-weight:600\">11.00 &#8211; PAUSA CAF\u00c8<\/h3>\n\n\n\n<p><\/p>\n<\/div>\n\n\n<\/div>\n\n\n\n<div style=\"margin-top:0;margin-bottom:0;height:16px\" aria-hidden=\"true\" class=\"wp-block-spacer\"><\/div>\n\n\n\n<div class=\"wp-block-columns alignwide is-layout-flex wp-container-core-columns-is-layout-d0bbbce0 wp-block-columns-is-layout-flex\">\n\n\n<div class=\"wp-block-column is-layout-flow wp-container-core-column-is-layout-e3d1c41b wp-block-column-is-layout-flow\">\n<h3 class=\"wp-block-heading has-text-align-left is-style-asterisk has-body-font-family has-medium-font-size\" style=\"font-style:normal;font-weight:600\">11.45  &#8211; <strong><strong>Presentaci\u00f3 de comunicacions i experi\u00e8ncies.<\/strong><\/strong><\/h3>\n\n\n\n<p style=\"font-size:14px\"><strong>Unitat comunicativa.<\/strong><\/p>\n\n\n\n<p class=\"has-text-align-left\" style=\"font-size:13px\"><strong>Integrant els Recursos Educatius Oberts (REO) a les col\u00b7leccions de biblioteques universit\u00e0ries: proposta dels elements d\u2019un model flexible i estrat\u00e8gic, PDCFlex-REO.<\/strong> \u2013 Autores: <strong>Carina Rey Mart\u00edn<\/strong>, professora de la Facultat d\u2019Informaci\u00f3 i Mitjans Audiovisuals (FIMA), Universitat de Barcelona; <strong>Gema Santos-Hermosa<\/strong>, professora de la Facultat d\u2019Informaci\u00f3 i Mitjans Audiovisuals (FIMA), Universitat de Barcelona; <strong>Gemma N\u00e1ndez Pla<\/strong>, Bibliotec\u00e0ria, Biblioteca, Universitat Pompeu Fabra.<\/p>\n\n\n\n<p class=\"has-text-align-left\" style=\"font-size:13px\"><strong>\u201cConeixement compartit\u201d (CSUC): intercanvi de pr\u00e0ctiques, visites professionals i aprenentatge col\u00b7laboratiu.<\/strong> \u2013 Autores: <strong>Joana Roig<\/strong>; <strong>S\u00edlvia Berenguel<\/strong>, Consorci de Biblioteques Universit\u00e0ries de Catalunya. <\/p>\n\n\n\n<p class=\"has-text-align-left\" style=\"font-size:13px\"><strong>Cap a una biblioteca cognitivament accessible: diagnosi i full de ruta per a la Biblioteca del Districte 6 de Terrassa.<\/strong> \u2013 Autora: <strong>Montserrat de la Torre Garcia<\/strong>, Biblioteca Districte 6. Ajuntament de Terrassa.<\/p>\n<\/div>\n\n\n<\/div>\n\n\n\n<div style=\"margin-top:0;margin-bottom:0;height:16px\" aria-hidden=\"true\" class=\"wp-block-spacer\"><\/div>\n\n\n\n<div class=\"wp-block-columns alignwide is-layout-flex wp-container-core-columns-is-layout-d0bbbce0 wp-block-columns-is-layout-flex\">\n\n\n<div class=\"wp-block-column is-layout-flow wp-container-core-column-is-layout-e3d1c41b wp-block-column-is-layout-flow\">\n<h3 class=\"wp-block-heading has-text-align-left is-style-asterisk has-body-font-family has-medium-font-size\" style=\"font-style:normal;font-weight:600\">12.45 &#8211; <strong><strong><strong><strong>Taula rodona: Front professional<\/strong>.<\/strong><\/strong><\/strong><\/h3>\n\n\n\n<p>Amb <strong>Fernando Izquierdo<\/strong>, president de l&#8217;Asociaci\u00f3n de Profesionales de Bibliotecas de Burgos; <strong>David Dom\u00e8nech<\/strong>, bibliotecari de la Biblioteca Ar\u00fas; <strong>Marta Garcia<\/strong>, responsable de serveis a la Unitat de Comunicaci\u00f3 i Projectes del Servei de Biblioteques, Publicacions i Arxius (SBPA) de la Universitat Polit\u00e8cnica de Catalunya.<\/p>\n\n\n\n<p>Modera: <strong>F. Xavier Gonz\u00e1lez<\/strong>, President del COBDC.<\/p>\n<\/div>\n\n\n<\/div>\n\n\n\n<div style=\"margin-top:0;margin-bottom:0;height:16px\" aria-hidden=\"true\" class=\"wp-block-spacer\"><\/div>\n\n\n\n<div class=\"wp-block-columns alignwide is-layout-flex wp-container-core-columns-is-layout-d0bbbce0 wp-block-columns-is-layout-flex\">\n\n\n<div class=\"wp-block-column is-layout-flow wp-container-core-column-is-layout-e3d1c41b wp-block-column-is-layout-flow\">\n<h3 class=\"wp-block-heading has-text-align-left is-style-asterisk has-body-font-family has-medium-font-size\" style=\"font-style:normal;font-weight:600\">14.00 &#8211; <strong>Confer\u00e8ncia de clausura <\/strong><\/h3>\n\n\n\n<p>Amb <strong>Juana Dolores<\/strong>, escriptora.<\/p>\n<\/div>\n\n\n<\/div>\n\n\n\n<div style=\"margin-top:0;margin-bottom:0;height:16px\" aria-hidden=\"true\" class=\"wp-block-spacer\"><\/div>\n\n\n\n<div class=\"wp-block-columns alignwide is-layout-flex wp-container-core-columns-is-layout-d0bbbce0 wp-block-columns-is-layout-flex\">\n\n\n<div class=\"wp-block-column is-layout-flow wp-container-core-column-is-layout-e3d1c41b wp-block-column-is-layout-flow\">\n<h3 class=\"wp-block-heading has-text-align-left is-style-asterisk has-body-font-family has-medium-font-size\" style=\"font-style:normal;font-weight:600\">14.30 &#8211; <strong><strong><strong>Clausura 18JCID<\/strong><\/strong><\/strong><\/h3>\n<\/div>\n\n\n<\/div>\n\n\n\n<div style=\"margin-top:0;margin-bottom:0;height:49px\" aria-hidden=\"true\" class=\"wp-block-spacer\"><\/div>\n\n\n\n<div class=\"wp-block-columns alignwide is-layout-flex wp-container-core-columns-is-layout-d0bbbce0 wp-block-columns-is-layout-flex\">\n\n\n<div class=\"wp-block-column has-background is-layout-flow wp-container-core-column-is-layout-e3d1c41b wp-block-column-is-layout-flow\" style=\"background-color:#c1d8f2\">\n<h3 class=\"wp-block-heading has-text-align-left is-style-default has-base-2-color has-accent-3-background-color has-text-color has-background has-link-color has-body-font-family wp-elements-2b1d29feff0d9947ada0ae4304e91f54\" style=\"font-size:clamp(0.984rem, 0.984rem + ((1vw - 0.2rem) * 0.86), 1.5rem);font-style:normal;font-weight:600\">AULA 312<\/h3>\n<\/div>\n\n\n<\/div>\n\n\n\n<div style=\"margin-top:0;margin-bottom:0;height:19px\" aria-hidden=\"true\" class=\"wp-block-spacer\"><\/div>\n\n\n\n<div class=\"wp-block-columns alignwide is-layout-flex wp-container-core-columns-is-layout-d0bbbce0 wp-block-columns-is-layout-flex\">\n\n\n<div class=\"wp-block-column is-layout-flow wp-container-core-column-is-layout-e3d1c41b wp-block-column-is-layout-flow\">\n<h3 class=\"wp-block-heading has-text-align-left is-style-asterisk has-body-font-family has-medium-font-size\" style=\"font-style:normal;font-weight:600\">9.00 &#8211; <strong><strong>Presentaci\u00f3 de comunicacions i experi\u00e8ncies.<\/strong><\/strong><\/h3>\n\n\n\n<p class=\"has-text-align-left\"><strong>La biblioteca de la Mem\u00f2ria.<\/strong> \u2013 Autores: M. <strong>Teresa Miret i Sol\u00e9<\/strong>, Associaci\u00f3 Revista d\u2019Igualada; <strong>Montserrat Lobato Just<\/strong>, Biblioteca Central d\u2019Igualada; <strong>Marta Vives Sabat\u00e9<\/strong>, Associaci\u00f3 Revista d\u2019Igualada.<\/p>\n\n\n\n<p><strong>Salut i ci\u00e8ncia: acostar la investigaci\u00f3 m\u00e8dica a tothom<\/strong>. \u2013 Autor\/es:<strong> Llu\u00eds Martinez Mendez<\/strong>; <strong>Clara Escorcia Torres<\/strong>; <strong>Helena Martinez Moy\u00e0<\/strong>; <strong>Raquel Mu\u00f1oz Carrilero<\/strong>, Consorci de Biblioteques de Barcelona (CBB). Hospital del Mar Research Institute. <\/p>\n\n\n\n<p><strong>1939-1975. Viladecans sota el franquisme.<\/strong> \u2013 Autors\/es: <strong>Joan Bassolas Ferran<\/strong>, gerent de la Fundaci\u00f3 Ciutat de Viladecans;&nbsp; <strong>Xavier Calder\u00e9 i Bel<\/strong>, arxiver municipal de l\u2019Arxiu Municipal de Viladecans;&nbsp; <strong>Manuel Luengo Carras<\/strong>co, cap de Patrimoni Cultural de l\u2019Ajuntament de Viladecans;&nbsp; <strong>M\u00f3nica Vel\u00e1zquez Garc\u00eda<\/strong>, directora de la Biblioteca de Viladecans, Diputaci\u00f3 de Barcelona.<\/p>\n\n\n\n<p><strong>\u201cExplora el bosc que t\u2019envolta\u201d, un projecte de ci\u00e8ncia ciutadana per descobrir i valorar el patrimoni forestal bergued\u00e0.<\/strong> \u2013 Autor\/es: <strong>Dolors Grau<\/strong>, presidenta fundadora de l\u2019Exploratori de Recursos de la Natura; <strong>Ramon Canal<\/strong>, president de l\u2019Exploratori de Recursos de la Natura de la Universitat Polit\u00e8cnica de Catalunya (UPC); <strong>Josefina Sala<\/strong>, directora de la Biblioteca Ramon Vinyes i Cluet de Berga; <strong>Rosa Rodr\u00edguez<\/strong>, regidora de Drets Culturals a l\u2019Ajuntament de Berga. &nbsp;<\/p>\n<\/div>\n\n\n<\/div>\n\n\n\n<div style=\"margin-top:0;margin-bottom:0;height:19px\" aria-hidden=\"true\" class=\"wp-block-spacer\"><\/div>\n\n\n\n<div class=\"wp-block-columns alignwide is-layout-flex wp-container-core-columns-is-layout-d0bbbce0 wp-block-columns-is-layout-flex\">\n\n\n<div class=\"wp-block-column is-layout-flow wp-container-core-column-is-layout-e3d1c41b wp-block-column-is-layout-flow\">\n<h3 class=\"wp-block-heading has-text-align-left is-style-asterisk has-body-font-family has-medium-font-size\" style=\"font-style:normal;font-weight:600\">11.30 &#8211; <strong><strong>Presentaci\u00f3 de comunicacions i experi\u00e8ncies.<\/strong><\/strong><\/h3>\n\n\n\n<p><strong>A la biblioteca com a casa<\/strong>. \u2013 Autor: <strong>Ivan Heras<\/strong>, Biblioteca Pompeu Fabra de Riells i Viabrea.<\/p>\n\n\n\n<p><strong>Transforma Trastos, un projecte BiblioLab \u2013 CoCrea<\/strong> \u2013 Autores: <strong>Maria BriosoDelgado<\/strong>, biblioteca del Casino de Manresa; <strong>Neus Capdevila Oliveras<\/strong>, biblioteca Ateneu Les Bases de Manresa; <strong>Montse Serra Coma<\/strong>, biblioteca Sant Valent\u00ed de Navarcles; <strong>Queralt Ambr\u00f3s Flores<\/strong>, biblioteca Guillem de Bergued\u00e0 de Puig-Reig.<\/p>\n\n\n\n<p><strong>Fem de bibliotecaris\/es! Projecte Vincles<\/strong>. \u2013 Autora: <strong>Cristina Garreta Girona<\/strong>, Directora de les Biblioteques Municipals de Reus.<\/p>\n\n\n\n<p><strong>L\u2019\u00e0rea infantil i juvenil de la biblioteca p\u00fablica com a trinxera<\/strong>. \u2013 Autora: <strong>Iris Gonz\u00e1lez Afonso<\/strong>, Biblioteca Gabriel Garc\u00eda M\u00e1rquez.<\/p>\n\n\n\n<p><strong>Sortir de la pantalla, entrar a la comunitat: el Cinef\u00f2rum \u201cSortint del cinema&#8221; de la Biblioteca el Mol\u00ed com a eina de cohesi\u00f3 social.<\/strong> &#8211; &nbsp;Autora: <strong>Gl\u00f2ria Massana Figueras<\/strong>, bibliotec\u00e0ria. Biblioteca el Mol\u00ed (Molins de Rei) &#8211; Ajuntament de Molins de Rei. Coordinadora del GT Biblioteques i Cinema<\/p>\n\n\n\n<p><strong>Accessibilitat a la lectura com a eina de cohesi\u00f3 social: el paper de les biblioteques en la garantia d\u2019oportunitats lectores per a infants amb discapacitat.<\/strong> \u2013 Autora: <strong>Susana Peix<\/strong>, Bibliotec\u00e0ria especialitzada en accessibilitat lectora. Vilanova i la Geltr\u00fa.<\/p>\n\n\n\n<p><strong>Biblioteques, refugi contra la soledat. <\/strong>\u2013 Autores: <strong>Carme Rodr\u00edguez<\/strong>, cap de la Unitat de Dinamitzaci\u00f3 i Serveis de la Ger\u00e8ncia de Serveis de Biblioteques. Diputaci\u00f3 de Barcelona; <strong>Esperan\u00e7a Pa\u00f1os<\/strong>, cap de la Secci\u00f3 de Serveis Bibliotecaris de la Ger\u00e8ncia de Serveis de Biblioteques. Diputaci\u00f3 de Barcelona.<\/p>\n<\/div>\n\n\n<\/div>\n\n\n\n<div class=\"wp-block-columns alignwide is-layout-flex wp-container-core-columns-is-layout-d0bbbce0 wp-block-columns-is-layout-flex\">\n\n<\/div>\n\n\n\n<div class=\"wp-block-columns alignwide is-layout-flex wp-container-core-columns-is-layout-d0bbbce0 wp-block-columns-is-layout-flex\">\n\n\n<div class=\"wp-block-column has-base-2-background-color has-background is-layout-flow wp-container-core-column-is-layout-e3d1c41b wp-block-column-is-layout-flow\">\n<div style=\"margin-top:0;margin-bottom:0;height:40px\" aria-hidden=\"true\" class=\"wp-block-spacer\"><\/div>\n\n\n\n<h3 class=\"wp-block-heading has-text-align-left is-style-default has-base-2-color has-accent-3-background-color has-text-color has-background has-link-color has-body-font-family wp-elements-899441b9e22759024cacc277f3192462\" style=\"font-size:clamp(0.984rem, 0.984rem + ((1vw - 0.2rem) * 0.86), 1.5rem);font-style:normal;font-weight:600\">AULA 313<\/h3>\n<\/div>\n\n\n<\/div>\n\n\n\n<div style=\"margin-top:0;margin-bottom:0;height:20px\" aria-hidden=\"true\" class=\"wp-block-spacer\"><\/div>\n\n\n\n<div class=\"wp-block-columns alignwide is-layout-flex wp-container-core-columns-is-layout-d0bbbce0 wp-block-columns-is-layout-flex\">\n\n\n<div class=\"wp-block-column is-layout-flow wp-container-core-column-is-layout-e3d1c41b wp-block-column-is-layout-flow\">\n<h3 class=\"wp-block-heading has-text-align-left is-style-asterisk has-body-font-family has-medium-font-size\" style=\"font-style:normal;font-weight:600\">9.00 &#8211; <strong><strong>Presentaci\u00f3 de comunicacions i experi\u00e8ncies.<\/strong><\/strong><\/h3>\n\n\n\n<p><strong>IA en acci\u00f3 a la Biblioteca de la UOC. &#8211;<\/strong>&nbsp; Autores: <strong>Nat\u00e0lia Castellana<\/strong>, <strong>Mireia P\u00e9rez<\/strong>, <strong>Sandra P\u00e9rez<\/strong><\/p>\n\n\n\n<p><strong>La xarxa de repositoris institucionals de la Generalitat de Catalunya en el marc del Pla de Transformaci\u00f3 Digital.<\/strong> \u2013 Autores: <strong>N\u00faria Nevado Chin\u00e9<\/strong>, <strong>Anna Moc\u00e8 Cervera<\/strong>, <strong>Lourdes Viv\u00f3 Boada<\/strong>, <strong>N\u00faria Fern\u00e1ndez Rey<\/strong>.<\/p>\n\n\n\n<p><strong>Contra la dictadura de l&#8217;algoritme: la biblioteca p\u00fablica com a trinxera de la bibliodiversitat audiovisual.<\/strong> \u2013 Autora: <strong>Gl\u00f2ria Massana Figueras<\/strong>, bibliotec\u00e0ria. Biblioteca el Mol\u00ed (Molins de Rei) &#8211; Ajuntament de Molins de Rei. Coordinadora del GT Biblioteques i Cinema.<\/p>\n<\/div>\n\n\n<\/div>\n\n\n\n<div style=\"margin-top:0;margin-bottom:0;height:20px\" aria-hidden=\"true\" class=\"wp-block-spacer\"><\/div>\n<\/div>\n","protected":false},"excerpt":{"rendered":"<p>Consultoria Experimenteu la fusi\u00f3 de la imaginaci\u00f3 i l&#8217;experi\u00e8ncia amb \u00c9tudes Architectural Solutions. PROGRAMA DIA 5 DE JUNY Experimenteu la fusi\u00f3 de la imaginaci\u00f3 i l&#8217;experi\u00e8ncia amb \u00c9tudes Architectural Solutions. Consultoria Experimenteu la fusi\u00f3 de la imaginaci\u00f3 i l&#8217;experi\u00e8ncia amb \u00c9tudes Architectural Solutions. ESPAI AUDITORI Experimenteu la fusi\u00f3 de la imaginaci\u00f3 i l&#8217;experi\u00e8ncia amb \u00c9tudes [&hellip;]<\/p>\n","protected":false},"author":1,"featured_media":0,"parent":0,"menu_order":0,"comment_status":"closed","ping_status":"closed","template":"","meta":{"footnotes":""},"class_list":["post-682","page","type-page","status-publish","hentry"],"_links":{"self":[{"href":"https:\/\/cobdc.net\/18JCID\/wp-json\/wp\/v2\/pages\/682","targetHints":{"allow":["GET"]}}],"collection":[{"href":"https:\/\/cobdc.net\/18JCID\/wp-json\/wp\/v2\/pages"}],"about":[{"href":"https:\/\/cobdc.net\/18JCID\/wp-json\/wp\/v2\/types\/page"}],"author":[{"embeddable":true,"href":"https:\/\/cobdc.net\/18JCID\/wp-json\/wp\/v2\/users\/1"}],"replies":[{"embeddable":true,"href":"https:\/\/cobdc.net\/18JCID\/wp-json\/wp\/v2\/comments?post=682"}],"version-history":[{"count":15,"href":"https:\/\/cobdc.net\/18JCID\/wp-json\/wp\/v2\/pages\/682\/revisions"}],"predecessor-version":[{"id":902,"href":"https:\/\/cobdc.net\/18JCID\/wp-json\/wp\/v2\/pages\/682\/revisions\/902"}],"wp:attachment":[{"href":"https:\/\/cobdc.net\/18JCID\/wp-json\/wp\/v2\/media?parent=682"}],"curies":[{"name":"wp","href":"https:\/\/api.w.org\/{rel}","templated":true}]}}