{"id":548,"date":"2026-01-14T12:55:39","date_gmt":"2026-01-14T10:55:39","guid":{"rendered":"https:\/\/cobdc.net\/18JCID\/?page_id=548"},"modified":"2026-03-31T12:39:57","modified_gmt":"2026-03-31T10:39:57","slug":"ponents","status":"publish","type":"page","link":"https:\/\/cobdc.net\/18JCID\/ponents\/","title":{"rendered":"Ponents"},"content":{"rendered":"\n<div class=\"wp-block-group alignfull has-background has-global-padding is-layout-constrained wp-container-core-group-is-layout-669513ed wp-block-group-is-layout-constrained\" style=\"background-color:#e2eaea;margin-top:0;margin-bottom:0;padding-top:var(--wp--preset--spacing--50);padding-right:var(--wp--preset--spacing--50);padding-bottom:var(--wp--preset--spacing--50);padding-left:var(--wp--preset--spacing--50)\">\n<div class=\"wp-block-columns alignwide is-layout-flex wp-container-core-columns-is-layout-4935966c wp-block-columns-is-layout-flex\" style=\"padding-right:0;padding-left:0\">\n<div class=\"wp-block-column is-layout-flow wp-block-column-is-layout-flow\">\n<figure class=\"wp-block-image aligncenter size-full is-resized is-style-rounded is-style-rounded--1\"><img fetchpriority=\"high\" decoding=\"async\" width=\"300\" height=\"300\" src=\"https:\/\/cobdc.net\/18JCID\/wp-content\/uploads\/2026\/03\/01_Ana-Moce.png\" alt=\"\" class=\"wp-image-641\" style=\"object-fit:cover;width:220px;height:auto\" srcset=\"https:\/\/cobdc.net\/18JCID\/wp-content\/uploads\/2026\/03\/01_Ana-Moce.png 300w, https:\/\/cobdc.net\/18JCID\/wp-content\/uploads\/2026\/03\/01_Ana-Moce-150x150.png 150w\" sizes=\"(max-width: 300px) 100vw, 300px\" \/><\/figure>\n\n\n\n<div class=\"wp-block-group is-vertical is-content-justification-center is-nowrap is-layout-flex wp-container-core-group-is-layout-21d4e958 wp-block-group-is-layout-flex\">\n<div style=\"height:6px\" aria-hidden=\"true\" class=\"wp-block-spacer wp-container-content-2aa4ec05\"><\/div>\n\n\n\n<p class=\"has-text-align-center has-small-font-size\"><strong>Ana Moc\u00e9<\/strong><\/p>\n\n\n\n<div style=\"height:6px\" aria-hidden=\"true\" class=\"wp-block-spacer wp-container-content-2aa4ec05\"><\/div>\n\n\n\n<p class=\"has-text-align-left has-small-font-size\">Els seus estudis en l&#8217;\u00e0mbit de la biblioteconomia inclouen un Diploma en Biblioteconomia i Documentaci\u00f3 per la Universitat de Barcelona i una Llicenciatura en Documentaci\u00f3, especialitzaci\u00f3 en Sistemes d&#8217;Informaci\u00f3 i Documentaci\u00f3, per la Universitat Oberta de Catalunya.<\/p>\n\n\n\n<p>Tamb\u00e9 \u00e9s llicenciada en Filosofia i Ci\u00e8ncies de l&#8217;Educaci\u00f3 (Universitat de Val\u00e8ncia. Estudis Generals. Premi Extraordinari de Llicenciatura), i t\u00e9 un Diploma de Postgrau en L\u00f2gica i Filosofia de la Ci\u00e8ncia (Universitat de Val\u00e8ncia. Estudis Generals).<\/p>\n\n\n\n<p>&nbsp;Va iniciar la seva carrera professional a les biblioteques judicials del Departament de Just\u00edcia de la Generalitat de Catalunya, on va treballar a la biblioteca dels Jutjats Contenciosos Administratius de Barcelona, la biblioteca dels jutjats de la Ciutat de Just\u00edcia de Barcelona i la biblioteca del Tribunal Superior de Just\u00edcia de Catalunya i Audi\u00e8ncia Provincial de Barcelona.<\/p>\n\n\n\n<p>&nbsp;Entre el 2017 i el 2023, va formar part de la Comissi\u00f3 de Biblioteques Especialitzades de la Generalitat, amb la qual va col\u00b7laborar en el proc\u00e9s de reflexi\u00f3 estrat\u00e8gica sobre les biblioteques especialitzades de la Generalitat, que va tenir lloc entre finals del 2018 i principis del 2020.<\/p>\n\n\n\n<p>Des del novembre del 2023 \u00e9s Cap de la Secci\u00f3 de Programes d&#8217;Innovaci\u00f3 i de Foment de la Lectura al Servei de Biblioteques del Departament de Cultura de la Generalitat de Catalunya. Aquesta secci\u00f3 es dedica al disseny i la gesti\u00f3 de projectes de foment de la lectura i a la promoci\u00f3 de la innovaci\u00f3 a les biblioteques p\u00fabliques. Tamb\u00e9 incorpora entre les seves funcions el suport a les biblioteques especialitzades i escolars i la comunicaci\u00f3 i promoci\u00f3 d&#8217;accions de cooperaci\u00f3 bibliotec\u00e0ria.<\/p>\n<\/div>\n<\/div>\n\n\n\n<div class=\"wp-block-column is-layout-flow wp-block-column-is-layout-flow\">\n<figure class=\"wp-block-image aligncenter size-full is-resized is-style-rounded is-style-rounded--2\"><img decoding=\"async\" width=\"300\" height=\"300\" src=\"https:\/\/cobdc.net\/18JCID\/wp-content\/uploads\/2026\/03\/02_Cesar-Moreno.png\" alt=\"\" class=\"wp-image-642\" style=\"object-fit:cover;width:221px;height:auto\" srcset=\"https:\/\/cobdc.net\/18JCID\/wp-content\/uploads\/2026\/03\/02_Cesar-Moreno.png 300w, https:\/\/cobdc.net\/18JCID\/wp-content\/uploads\/2026\/03\/02_Cesar-Moreno-150x150.png 150w\" sizes=\"(max-width: 300px) 100vw, 300px\" \/><\/figure>\n\n\n\n<div class=\"wp-block-group is-vertical is-content-justification-center is-nowrap is-layout-flex wp-container-core-group-is-layout-63bfd6c1 wp-block-group-is-layout-flex\">\n<div style=\"height:0px\" aria-hidden=\"true\" class=\"wp-block-spacer wp-container-content-2aa4ec05\"><\/div>\n\n\n\n<p class=\"has-text-align-center has-small-font-size\"><strong><strong>C\u00e9sar Moreno<\/strong><\/strong><\/p>\n\n\n\n<div style=\"height:6px\" aria-hidden=\"true\" class=\"wp-block-spacer wp-container-content-2aa4ec05\"><\/div>\n\n\n\n<p class=\"has-text-align-left has-small-font-size\">\u00c9s llicenciat en Hist\u00f2ria per la Universitat de Barcelona. Treballa com a t\u00e8cnic de gesti\u00f3 cultural a la Direcci\u00f3 d&#8217;Acci\u00f3 Cultural i Educativa de Biblioteques de Barcelona coordinant el Programa d\u2019Acci\u00f3 Lectora: les accions de promoci\u00f3 de la lectura i de la literatura de les biblioteques de Barcelona.<\/p>\n<\/div>\n<\/div>\n\n\n\n<div class=\"wp-block-column is-layout-flow wp-block-column-is-layout-flow\">\n<figure class=\"wp-block-image aligncenter size-full is-resized is-style-rounded is-style-rounded--3\"><img decoding=\"async\" width=\"300\" height=\"300\" src=\"https:\/\/cobdc.net\/18JCID\/wp-content\/uploads\/2026\/03\/03_David-Domenech.png\" alt=\"\" class=\"wp-image-643\" style=\"object-fit:cover;width:222px;height:auto\" srcset=\"https:\/\/cobdc.net\/18JCID\/wp-content\/uploads\/2026\/03\/03_David-Domenech.png 300w, https:\/\/cobdc.net\/18JCID\/wp-content\/uploads\/2026\/03\/03_David-Domenech-150x150.png 150w\" sizes=\"(max-width: 300px) 100vw, 300px\" \/><\/figure>\n\n\n\n<div class=\"wp-block-group is-vertical is-content-justification-center is-nowrap is-layout-flex wp-container-core-group-is-layout-63bfd6c1 wp-block-group-is-layout-flex\">\n<div style=\"height:0px\" aria-hidden=\"true\" class=\"wp-block-spacer wp-container-content-2aa4ec05\"><\/div>\n\n\n\n<p class=\"has-text-align-center has-small-font-size\"><strong>David Dom\u00e8nech<\/strong><\/p>\n\n\n\n<div style=\"height:6px\" aria-hidden=\"true\" class=\"wp-block-spacer wp-container-content-2aa4ec05\"><\/div>\n\n\n\n<p class=\"has-text-align-left has-small-font-size\">Diplomat en biblioteconomia i documentaci\u00f3 (UB), tamb\u00e9 t\u00e9 estudis de filologia catalana.<\/p>\n\n\n\n<p class=\"has-text-align-left\">\u00c9s bibliotecari de la Biblioteca Ar\u00fas des de fa vint-i-cinc anys. Entre els projectes i activitats que ha desenvolupat a la Biblioteca destaquen la reconversi\u00f3 del cat\u00e0leg de fitxes, el servei d\u2019informaci\u00f3 documental, les visites guiades, i l\u2019exposici\u00f3 \u201cBiblioteca P\u00fablica Ar\u00fas (1895-2020): cent vint-i-cinc anys al servei del poble\u201d.<\/p>\n\n\n\n<p class=\"has-text-align-left\">Membre de la vocalia de publicacions del Col\u00b7legi als anys noranta del segle passat, tamb\u00e9 ha copresentat la comunicaci\u00f3 &#8220;El fons Enrique Tierno Galv\u00e1n: recepci\u00f3, tractament i difusi\u00f3&#8221;, en el marc de la Jornada CCUC 2023.<\/p>\n\n\n\n<p class=\"has-text-align-left\">Ha publicat articles a les revistes Item, M\u00e9todos de informaci\u00f3n i bid. \u00c9s autor de Les nits de Pitarra, i de diversos cap\u00edtols de llibre. El 2020 va donar a la Sorbona de Par\u00eds la confer\u00e8ncia \u201cLa Morta-Viva: el Grup de Pitarra i la reflexi\u00f3 sobre la llengua catalana\u201d.<\/p>\n\n\n\n<p class=\"has-text-align-left has-small-font-size\">Ha treballat a la Unitat de Coordinaci\u00f3 de Biblioteques de la delegaci\u00f3 del CSIC a Catalunya, la Cartoteca de l\u2019Institut Cartogr\u00e0fic i Geol\u00f2gic, al Cat\u00e0leg col\u00b7lectiu del patrimoni bibliogr\u00e0fic, i en dues biblioteques escolars.<\/p>\n<\/div>\n<\/div>\n\n\n\n<div class=\"wp-block-column is-layout-flow wp-block-column-is-layout-flow\">\n<figure class=\"wp-block-image aligncenter size-full is-resized is-style-rounded is-style-rounded--4\"><img loading=\"lazy\" decoding=\"async\" width=\"300\" height=\"300\" src=\"https:\/\/cobdc.net\/18JCID\/wp-content\/uploads\/2026\/03\/04-Fernando_Izquierdo.png\" alt=\"\" class=\"wp-image-644\" style=\"object-fit:cover;width:221px;height:auto\" srcset=\"https:\/\/cobdc.net\/18JCID\/wp-content\/uploads\/2026\/03\/04-Fernando_Izquierdo.png 300w, https:\/\/cobdc.net\/18JCID\/wp-content\/uploads\/2026\/03\/04-Fernando_Izquierdo-150x150.png 150w\" sizes=\"(max-width: 300px) 100vw, 300px\" \/><\/figure>\n\n\n\n<div class=\"wp-block-group is-vertical is-content-justification-center is-nowrap is-layout-flex wp-container-core-group-is-layout-21d4e958 wp-block-group-is-layout-flex\">\n<div style=\"height:0px\" aria-hidden=\"true\" class=\"wp-block-spacer wp-container-content-2aa4ec05\"><\/div>\n\n\n\n<p class=\"has-text-align-center has-small-font-size\"><strong><strong>Fernando Izquierdo<\/strong><\/strong><\/p>\n\n\n\n<div style=\"height:6px\" aria-hidden=\"true\" class=\"wp-block-spacer wp-container-content-2aa4ec05\"><\/div>\n\n\n\n<p class=\"has-text-align-left has-small-font-size\">Llicenciat en Filosofia i Lletres per la Universitat de Valladolid. Des de llavors en un continu reciclatge, que l&#8217;ha portat a l&#8217;actual lloc com a T\u00e8cnic Auxiliar de Biblioteca a la Red Municipal de Bibliotecas del Ayuntamiento de Burgos.&nbsp;<\/p>\n\n\n\n<p class=\"has-text-align-left\">Ha treballat en biblioteca escolar, biblioteca universit\u00e0ria (Universitat de Burgos) i biblioteca municipal, tant en el vessant \u201csol davant el perill\u201d (Biblioteca de Lerma) com envoltat d&#8217;un gran equip (Bibliotecas municipales de Burgos). En aquest temps ha coordinat com a voluntari, projectes de creaci\u00f3 de biblioteca escolar i tamb\u00e9 d&#8217;animaci\u00f3 lectora.<\/p>\n\n\n\n<p class=\"has-text-align-left has-small-font-size\">En l&#8217;actualitat la seva passi\u00f3 se centra en l&#8217;\u00e0mbit de l&#8217;associacionisme professional, com a president de l&#8217;Asociaci\u00f3n de Profesionales de Bibliotecas de Burgos (jove associaci\u00f3 que treballa amb intensitat perqu\u00e8 els nostres lectors tinguin les millors biblioteques al seu abast, tasca m\u00e9s que dif\u00edcil, per\u00f2 molt gratificant), i com a membre de la nova associaci\u00f3 professional de Castella i Lle\u00f3.<\/p>\n<\/div>\n<\/div>\n<\/div>\n\n\n\n<div style=\"height:36px\" aria-hidden=\"true\" class=\"wp-block-spacer\"><\/div>\n\n\n\n<div class=\"wp-block-columns alignwide is-layout-flex wp-container-core-columns-is-layout-4935966c wp-block-columns-is-layout-flex\" style=\"padding-right:0;padding-left:0\">\n<div class=\"wp-block-column is-layout-flow wp-block-column-is-layout-flow\">\n<figure class=\"wp-block-image aligncenter size-full is-resized is-style-rounded is-style-rounded--5\"><img loading=\"lazy\" decoding=\"async\" width=\"300\" height=\"300\" src=\"https:\/\/cobdc.net\/18JCID\/wp-content\/uploads\/2026\/03\/Germa-Capdevila.png\" alt=\"\" class=\"wp-image-706\" style=\"object-fit:cover;width:221px;height:auto\" srcset=\"https:\/\/cobdc.net\/18JCID\/wp-content\/uploads\/2026\/03\/Germa-Capdevila.png 300w, https:\/\/cobdc.net\/18JCID\/wp-content\/uploads\/2026\/03\/Germa-Capdevila-150x150.png 150w\" sizes=\"(max-width: 300px) 100vw, 300px\" \/><\/figure>\n\n\n\n<div class=\"wp-block-group is-vertical is-content-justification-center is-nowrap is-layout-flex wp-container-core-group-is-layout-21d4e958 wp-block-group-is-layout-flex\">\n<div style=\"height:0px\" aria-hidden=\"true\" class=\"wp-block-spacer wp-container-content-2aa4ec05\"><\/div>\n\n\n\n<p class=\"has-text-align-center has-small-font-size\"><strong><strong>Germ\u00e0 Capdevila<\/strong><\/strong><\/p>\n\n\n\n<div style=\"height:6px\" aria-hidden=\"true\" class=\"wp-block-spacer wp-container-content-2aa4ec05\"><\/div>\n\n\n\n<p class=\"has-text-align-left has-small-font-size\">Nascut a Buenos Aires el 1970, \u00e9s un periodista i editor catal\u00e0 amb m\u00e9s de 30 anys de traject\u00f2ria en el m\u00f3n de la comunicaci\u00f3, especialment en l\u2019\u00e0mbit digital. Ha treballat en diversos mitjans escrits i audiovisuals tant a Catalunya com a l\u2019estranger.<\/p>\n\n\n\n<p>L\u2019any 1992 comen\u00e7a a treballar en una de les primeres ag\u00e8ncies de not\u00edcies de l\u2019Argentina i d\u2019Am\u00e8rica del Sud amb pres\u00e8ncia a Internet, participant en els inicis del periodisme digital. Ha impulsat projectes innovadors com l\u2019aplicaci\u00f3 d\u2019una revista amb p\u00f2dcasts integrats a <em><strong>Catalonia Today<\/strong><\/em>, i va posar en marxar la revista digital de gastronomia i vins, <strong><em>Sentits<\/em><\/strong>.<\/p>\n\n\n\n<p>Actualment, \u00e9s l\u2019editor de la revista <strong><em>Esguard<\/em><\/strong>, la primera publicaci\u00f3 en catal\u00e0 per a iPad llan\u00e7ada el 2012 i de la revista mensual en paper <strong><em>E+<\/em><\/strong>, director de <strong><em>RAB<\/em><\/strong> <strong><em>R\u00e0dio<\/em><\/strong>, emissora de la Catalunya Exterior i columnista a <em><strong>Naci\u00f3Digital<\/strong><\/em>.<\/p>\n\n\n\n<p class=\"has-text-align-left has-small-font-size\">Des de 2016 presideix l\u2019<strong>APPEC<\/strong>, editors de revistes i digitals en catal\u00e0, entitat que agrupa m\u00e9s de 200 cap\u00e7aleres d\u2019empreses editores.<\/p>\n<\/div>\n<\/div>\n\n\n\n<div class=\"wp-block-column is-layout-flow wp-block-column-is-layout-flow\">\n<figure class=\"wp-block-image aligncenter size-full is-resized is-style-rounded is-style-rounded--6\"><img loading=\"lazy\" decoding=\"async\" width=\"300\" height=\"300\" src=\"https:\/\/cobdc.net\/18JCID\/wp-content\/uploads\/2026\/03\/05-Jose-Asensi.png\" alt=\"\" class=\"wp-image-645\" style=\"object-fit:cover;width:220px;height:auto\" srcset=\"https:\/\/cobdc.net\/18JCID\/wp-content\/uploads\/2026\/03\/05-Jose-Asensi.png 300w, https:\/\/cobdc.net\/18JCID\/wp-content\/uploads\/2026\/03\/05-Jose-Asensi-150x150.png 150w\" sizes=\"(max-width: 300px) 100vw, 300px\" \/><\/figure>\n\n\n\n<div class=\"wp-block-group is-vertical is-content-justification-center is-nowrap is-layout-flex wp-container-core-group-is-layout-21d4e958 wp-block-group-is-layout-flex\">\n<div style=\"height:0px\" aria-hidden=\"true\" class=\"wp-block-spacer wp-container-content-2aa4ec05\"><\/div>\n\n\n\n<p class=\"has-text-align-center has-small-font-size\"><strong><strong>Josep Asensi<\/strong><\/strong><\/p>\n\n\n\n<div style=\"height:6px\" aria-hidden=\"true\" class=\"wp-block-spacer wp-container-content-2aa4ec05\"><\/div>\n\n\n\n<p class=\"has-text-align-left has-small-font-size\">\u00c9s llicenciat en Ci\u00e8ncies de la Informaci\u00f3 per la Universitat Aut\u00f2noma de Barcelona. Amb m\u00e9s de tres d\u00e8cades d&#8217;experi\u00e8ncia en sistemes d&#8217;identificaci\u00f3 autom\u00e0tica, el 2010 va fundar <strong>IDCARE (Identification Care, S.L.)<\/strong>, empresa especialitzada en la transformaci\u00f3 digital del sector bibliotecari.<\/p>\n\n\n\n<p>Sota la seva direcci\u00f3, IDCARE ha liderat la implantaci\u00f3 de tecnologia RFID a les biblioteques catalanes i espanyoles, executant la <strong>primera instal\u00b7laci\u00f3 d&#8217;autoservei amb RFID a Catalunya<\/strong> el mateix any de la fundaci\u00f3. En l&#8217;actualitat, l&#8217;empresa compta amb m\u00e9s de <strong>4.000 dispositius instal\u00b7lats en 1.000 biblioteques<\/strong>, consolidant-se com a referent en el sector.<\/p>\n\n\n\n<p>Actualment, Josep Asensi treballa en el desenvolupament de sistemes per garantir el servei bibliotecari en modalitat <strong>24\/7<\/strong>, i en la integraci\u00f3 de les noves tecnologies \u2014<strong>intel\u00b7lig\u00e8ncia artificial i rob\u00f2tica<\/strong>\u2014 en l&#8217;entorn bibliotecari del futur.<\/p>\n<\/div>\n<\/div>\n\n\n\n<div class=\"wp-block-column is-layout-flow wp-block-column-is-layout-flow\">\n<figure class=\"wp-block-image aligncenter size-full is-resized is-style-rounded is-style-rounded--7\"><img loading=\"lazy\" decoding=\"async\" width=\"300\" height=\"300\" src=\"https:\/\/cobdc.net\/18JCID\/wp-content\/uploads\/2026\/03\/06-Laura_Avia.png\" alt=\"\" class=\"wp-image-646\" style=\"object-fit:cover;width:221px;height:auto\" srcset=\"https:\/\/cobdc.net\/18JCID\/wp-content\/uploads\/2026\/03\/06-Laura_Avia.png 300w, https:\/\/cobdc.net\/18JCID\/wp-content\/uploads\/2026\/03\/06-Laura_Avia-150x150.png 150w\" sizes=\"(max-width: 300px) 100vw, 300px\" \/><\/figure>\n\n\n\n<div class=\"wp-block-group is-vertical is-content-justification-center is-nowrap is-layout-flex wp-container-core-group-is-layout-63bfd6c1 wp-block-group-is-layout-flex\">\n<div style=\"height:0px\" aria-hidden=\"true\" class=\"wp-block-spacer wp-container-content-2aa4ec05\"><\/div>\n\n\n\n<p class=\"has-text-align-center has-small-font-size\"><strong><strong>Laura Avi\u00e0<\/strong><\/strong><\/p>\n\n\n\n<div style=\"height:6px\" aria-hidden=\"true\" class=\"wp-block-spacer wp-container-content-2aa4ec05\"><\/div>\n\n\n\n<p class=\"has-text-align-left has-small-font-size\">Graduada en Informaci\u00f3 i Documentaci\u00f3 (UB), postgrau en Protecci\u00f3 de Dades i Seguretat de la Informaci\u00f3 (UPF-BSM) i m\u00e0ster en Gesti\u00f3 i Direcci\u00f3 de Biblioteques i Serveis d\u2019Informaci\u00f3 (UB). Actualment \u00e9s responsable d\u2019una biblioteca p\u00fablica en un municipi rural, des d\u2019on impulsa activitats de dinamitzaci\u00f3 cultural i social. Ha treballat en gesti\u00f3 documental com a controladora de documents en una empresa d\u2019enginyeria. \u00c9s membre del Grup de Treball Dones Visibles del COBDC.<\/p>\n<\/div>\n<\/div>\n\n\n\n<div class=\"wp-block-column is-layout-flow wp-block-column-is-layout-flow\">\n<figure class=\"wp-block-image aligncenter size-full is-resized is-style-rounded is-style-rounded--8\"><img loading=\"lazy\" decoding=\"async\" width=\"300\" height=\"300\" src=\"https:\/\/cobdc.net\/18JCID\/wp-content\/uploads\/2026\/03\/07_Lorena-Fernandez.png\" alt=\"\" class=\"wp-image-647\" style=\"object-fit:cover;width:222px;height:auto\" srcset=\"https:\/\/cobdc.net\/18JCID\/wp-content\/uploads\/2026\/03\/07_Lorena-Fernandez.png 300w, https:\/\/cobdc.net\/18JCID\/wp-content\/uploads\/2026\/03\/07_Lorena-Fernandez-150x150.png 150w\" sizes=\"(max-width: 300px) 100vw, 300px\" \/><\/figure>\n\n\n\n<div class=\"wp-block-group is-vertical is-content-justification-center is-nowrap is-layout-flex wp-container-core-group-is-layout-63bfd6c1 wp-block-group-is-layout-flex\">\n<div style=\"height:0px\" aria-hidden=\"true\" class=\"wp-block-spacer wp-container-content-2aa4ec05\"><\/div>\n\n\n\n<p class=\"has-text-align-center has-small-font-size\"><strong><strong>Lorena Fern\u00e1ndez<\/strong><\/strong><\/p>\n\n\n\n<div style=\"height:6px\" aria-hidden=\"true\" class=\"wp-block-spacer wp-container-content-2aa4ec05\"><\/div>\n\n\n\n<p class=\"has-text-align-left has-small-font-size\">Enginyera inform\u00e0tica, m\u00e0ster en seguretat de la informaci\u00f3 i programa Expert en \u00c8tica de la Digitalitzaci\u00f3 i de la Intel\u00b7lig\u00e8ncia Artificial Aplicada. Actualment, directora de comunicaci\u00f3 digital de la Universitat de Deusto i responsable de la Comissi\u00f3 d&#8217;Intel\u00b7lig\u00e8ncia Artificial. Les seves \u00e0rees de treball estan centrades en l&#8217;an\u00e0lisi de com incorporar la perspectiva de g\u00e8nere en la recerca, estudi de biaixos interseccionals en la Intel\u00b7lig\u00e8ncia Artificial aix\u00ed com la divulgaci\u00f3 de la \u201ccanonada que degota\u201d (leaky pipeline) i per la qual perdem el talent femen\u00ed en les titulacions STEM. Ha creat al costat de Pablo Garaizar i I\u00f1igo Maestro Nobel Run, un joc de taula amb enfocament l\u00fadic i innovador, que busca q\u00fcestionar i transformar els estereotips de g\u00e8nere i la desigualtat en la ci\u00e8ncia. A m\u00e9s \u00e9s autora, al costat de Pablo Garaizar, del llibre &#8220;La inteligencia artificial explicada a todos los p\u00fablicos&#8221;, tamb\u00e9 disponible en catal\u00e0, euskara i itali\u00e0.<\/p>\n<\/div>\n<\/div>\n<\/div>\n\n\n\n<div style=\"height:36px\" aria-hidden=\"true\" class=\"wp-block-spacer\"><\/div>\n\n\n\n<div class=\"wp-block-columns alignwide is-layout-flex wp-container-core-columns-is-layout-4935966c wp-block-columns-is-layout-flex\" style=\"padding-right:0;padding-left:0\">\n<div class=\"wp-block-column is-layout-flow wp-block-column-is-layout-flow\">\n<figure class=\"wp-block-image aligncenter size-full is-resized is-style-rounded is-style-rounded--9\"><img loading=\"lazy\" decoding=\"async\" width=\"300\" height=\"300\" src=\"https:\/\/cobdc.net\/18JCID\/wp-content\/uploads\/2026\/03\/08_Lourdes-Prades.png\" alt=\"\" class=\"wp-image-648\" style=\"object-fit:cover;width:221px;height:auto\" srcset=\"https:\/\/cobdc.net\/18JCID\/wp-content\/uploads\/2026\/03\/08_Lourdes-Prades.png 300w, https:\/\/cobdc.net\/18JCID\/wp-content\/uploads\/2026\/03\/08_Lourdes-Prades-150x150.png 150w\" sizes=\"(max-width: 300px) 100vw, 300px\" \/><\/figure>\n\n\n\n<div class=\"wp-block-group is-vertical is-content-justification-center is-nowrap is-layout-flex wp-container-core-group-is-layout-21d4e958 wp-block-group-is-layout-flex\">\n<div style=\"height:0px\" aria-hidden=\"true\" class=\"wp-block-spacer wp-container-content-2aa4ec05\"><\/div>\n\n\n\n<p class=\"has-text-align-center has-small-font-size\"><strong><strong><strong>Lourdes Prades<\/strong><\/strong><\/strong><\/p>\n\n\n\n<div style=\"height:6px\" aria-hidden=\"true\" class=\"wp-block-spacer wp-container-content-2aa4ec05\"><\/div>\n\n\n\n<p class=\"has-text-align-left has-small-font-size\">Historiadora i bibliotec\u00e0ria, \u00e9s Doctora en Hist\u00f2ria Contempor\u00e0nia i responsable del CRAI Biblioteca del Pavell\u00f3 de la Rep\u00fablica de la Universitat de Barcelona, des de 1989. Des del 2011 dirigeix el projecte SIDBRINT, sobre les Brigades Internacionals a la Guerra Civil espanyola. Les seves recerques tracten especialment dels voluntaris internacionals, l\u2019exili espanyol i l\u2019hermen\u00e8utica de les fonts documentals relacionades amb la Guerra Civil. \u00c9s autora de diverses publicacions sobre aquests temes: Hablamos diferentes idiomas, pero una misma llengua : multiling\u00fcismo y pedagog\u00edas en las Brigadas Internacionales; Recuperem la hist\u00f2ria dels Brigadistes: presentaci\u00f3 de la plataforma SIDBRINT; La Batalla de l\u2019Ebre a la mem\u00f2ria dels brigadistes: records de guerra; SIDBRINT and the recovery of the historical memory of the International Brigades; Forjant \u201cEl imperio del libro cat\u00f3lico y espa\u00f1ol\u00edsimo\u201d: l\u2019edici\u00f3 a Catalunya durant els primers anys del Franquisme; I Miliziani delle Brigate Internazionali della Guerra civile spagnola e la memoria storica; La Biblioteca del Pavell\u00f3 de la Rep\u00fablica, un referent per a l\u2019estudi del moviment obrer; Aproximaci\u00f3 bibliogr\u00e0fica sobre l\u2019exili catal\u00e0 de 1939. Ha comissariat les exposicions: L\u2019Ebre. Darrer escenari de les Brigades Internacionals i Brigades Internacionals i multiling\u00fcisme.<\/p>\n\n\n\n<p class=\"has-text-align-left has-small-font-size\">Des de 2021 \u00e9s professora de M\u00e0ster a la Facultat d&#8217;Informaci\u00f3 i Mitjans Audiovisuals de la UB.<\/p>\n<\/div>\n<\/div>\n\n\n\n<div class=\"wp-block-column is-layout-flow wp-block-column-is-layout-flow\">\n<figure class=\"wp-block-image aligncenter size-full is-resized is-style-rounded is-style-rounded--10\"><img loading=\"lazy\" decoding=\"async\" width=\"300\" height=\"300\" src=\"https:\/\/cobdc.net\/18JCID\/wp-content\/uploads\/2026\/03\/09_Marta-Garcia-Sanchez.png\" alt=\"\" class=\"wp-image-637\" style=\"object-fit:cover;width:220px;height:auto\" srcset=\"https:\/\/cobdc.net\/18JCID\/wp-content\/uploads\/2026\/03\/09_Marta-Garcia-Sanchez.png 300w, https:\/\/cobdc.net\/18JCID\/wp-content\/uploads\/2026\/03\/09_Marta-Garcia-Sanchez-150x150.png 150w\" sizes=\"(max-width: 300px) 100vw, 300px\" \/><\/figure>\n\n\n\n<div class=\"wp-block-group is-vertical is-content-justification-center is-nowrap is-layout-flex wp-container-core-group-is-layout-21d4e958 wp-block-group-is-layout-flex\">\n<div style=\"height:0px\" aria-hidden=\"true\" class=\"wp-block-spacer wp-container-content-2aa4ec05\"><\/div>\n\n\n\n<p class=\"has-text-align-center has-small-font-size\"><strong><strong><strong>Marta Garc\u00eda<\/strong><\/strong><\/strong><\/p>\n\n\n\n<div style=\"height:6px\" aria-hidden=\"true\" class=\"wp-block-spacer wp-container-content-2aa4ec05\"><\/div>\n\n\n\n<p>\u00c9s bibliotec\u00e0ria responsable de serveis a la Unitat de Comunicaci\u00f3 i Projectes del Servei de Biblioteques, Publicacions i Arxius (SBPA) de la Universitat Polit\u00e8cnica de Catalunya (UPC). Amb una traject\u00f2ria focalitzada en el suport a la recerca i la formaci\u00f3 d&#8217;usuaris, actualment tamb\u00e9 s\u2019ocupa de la gesti\u00f3 de la comunicaci\u00f3 i les xarxes socials en l&#8217;entorn acad\u00e8mic. Ha participat en publicacions de l\u2019\u00e0mbit de la bibliometria o les revisions sistem\u00e0tiques. Fins al 2022 va ser consultora a la UOC i autora de materials formatius en habilitats informacionals i t\u00e8cniques documentals aplicades a la psicologia.<\/p>\n<\/div>\n<\/div>\n\n\n\n<div class=\"wp-block-column is-layout-flow wp-block-column-is-layout-flow\">\n<figure class=\"wp-block-image aligncenter size-full is-resized is-style-rounded is-style-rounded--11\"><img loading=\"lazy\" decoding=\"async\" width=\"300\" height=\"300\" src=\"https:\/\/cobdc.net\/18JCID\/wp-content\/uploads\/2026\/03\/10_Nabil-Saadallah.png\" alt=\"\" class=\"wp-image-638\" style=\"object-fit:cover;width:221px;height:auto\" srcset=\"https:\/\/cobdc.net\/18JCID\/wp-content\/uploads\/2026\/03\/10_Nabil-Saadallah.png 300w, https:\/\/cobdc.net\/18JCID\/wp-content\/uploads\/2026\/03\/10_Nabil-Saadallah-150x150.png 150w\" sizes=\"(max-width: 300px) 100vw, 300px\" \/><\/figure>\n\n\n\n<div class=\"wp-block-group is-vertical is-content-justification-center is-nowrap is-layout-flex wp-container-core-group-is-layout-63bfd6c1 wp-block-group-is-layout-flex\">\n<div style=\"height:0px\" aria-hidden=\"true\" class=\"wp-block-spacer wp-container-content-2aa4ec05\"><\/div>\n\n\n\n<p class=\"has-text-align-center has-small-font-size\"><strong><strong><strong>Nabil Saadallah<\/strong><\/strong><\/strong><\/p>\n\n\n\n<div style=\"height:6px\" aria-hidden=\"true\" class=\"wp-block-spacer wp-container-content-2aa4ec05\"><\/div>\n\n\n\n<p class=\"has-text-align-left has-small-font-size\">\u00c9s un professional s\u00e8nior del sector tecnol\u00f2gic, especialitzat en solucions de programari per a biblioteques i gesti\u00f3 del coneixement. Enginyer inform\u00e0tic de formaci\u00f3, compta amb una traject\u00f2ria consolidada liderant estrat\u00e8gies comercials i de desenvolupament de negoci a Europa, Orient Mitj\u00e0 i \u00c0frica. Actualment ocupa el c\u00e0rrec de director de Vendes estrat\u00e8giques de Programari en Clarivate, on acompanya a institucions acad\u00e8miques, p\u00fabliques i nacionals en els seus projectes de modernitzaci\u00f3, transformaci\u00f3 digital implementaci\u00f3 de plataformes innovadores com a \u00c0nima, Cos\u00ed VEU, Summon, Polaris, Sierra i Vega LX.<\/p>\n\n\n\n<p class=\"has-text-align-left has-small-font-size\">Reconegut per la seva visi\u00f3 estrat\u00e8gica, el seu enfocament consultiu i la seva capacitat per a connectar necessitats complexes amb solucions tecnol\u00f2giques avan\u00e7ades, destaca tamb\u00e9 per la seva habilitat per a construir relacions de confian\u00e7a amb clients, gestionar processos de licitaci\u00f3 i coordinar desplegaments de gran escala. Multiling\u00fce i orientat a resultats, enginyer inform\u00e0tic de formaci\u00f3, aporta una combinaci\u00f3 \u00fanica d&#8217;experi\u00e8ncia t\u00e8cnica, lideratge comercial i coneixement profund de l&#8217;ecosistema bibliotecari internacional.<\/p>\n<\/div>\n<\/div>\n\n\n\n<div class=\"wp-block-column is-layout-flow wp-block-column-is-layout-flow\">\n<figure class=\"wp-block-image aligncenter size-full is-resized is-style-rounded is-style-rounded--12\"><img loading=\"lazy\" decoding=\"async\" width=\"300\" height=\"300\" src=\"https:\/\/cobdc.net\/18JCID\/wp-content\/uploads\/2026\/03\/11_Paloma-Gueilburt.png\" alt=\"\" class=\"wp-image-639\" style=\"object-fit:cover;width:222px;height:auto\" srcset=\"https:\/\/cobdc.net\/18JCID\/wp-content\/uploads\/2026\/03\/11_Paloma-Gueilburt.png 300w, https:\/\/cobdc.net\/18JCID\/wp-content\/uploads\/2026\/03\/11_Paloma-Gueilburt-150x150.png 150w\" sizes=\"(max-width: 300px) 100vw, 300px\" \/><\/figure>\n\n\n\n<div class=\"wp-block-group is-vertical is-content-justification-center is-nowrap is-layout-flex wp-container-core-group-is-layout-63bfd6c1 wp-block-group-is-layout-flex\">\n<div style=\"height:0px\" aria-hidden=\"true\" class=\"wp-block-spacer wp-container-content-2aa4ec05\"><\/div>\n\n\n\n<p class=\"has-text-align-center has-small-font-size\"><strong><strong><strong>Paloma Gueilburt<\/strong><\/strong><\/strong><\/p>\n\n\n\n<div style=\"height:6px\" aria-hidden=\"true\" class=\"wp-block-spacer wp-container-content-2aa4ec05\"><\/div>\n\n\n\n<p class=\"has-text-align-left has-small-font-size\">Llicenciada en Hist\u00f2ria de l&#8217;Art i en Biblioteconomia i Documentaci\u00f3 per la Universitat de Barcelona. Ha treballat com a documentalista en l&#8217;\u00e0mbit editorial i com a gestora cultural en estructures independents de l&#8217;\u00e0mbit de la dansa. Des de 2014 forma part de l&#8217;equip de l&#8217;arxiu del MACBA Museu d&#8217;Art Contemporani de Barcelona, duent a terme la coordinaci\u00f3 del projecte del Repositori Digital MACBA. Actualment, a m\u00e9s de continuar coordinant aquest projecte, es t\u00e8cnica d&#8217;arxiu, catalogant i coordinant la digitalitzaci\u00f3 dels materials albergats por ho arxivo i produ\u00efts por el propi MACBA o cedits por artistes i col\u00b7lectius art\u00edstics. Tamb\u00e9 forma part del grup de treball transversal sobre drets d&#8217;autor con el que compta el museu i en la implantaci\u00f3 de la nova base de dades del museu.<\/p>\n<\/div>\n<\/div>\n<\/div>\n\n\n\n<div style=\"height:36px\" aria-hidden=\"true\" class=\"wp-block-spacer\"><\/div>\n\n\n\n<div class=\"wp-block-columns alignwide is-layout-flex wp-container-core-columns-is-layout-4935966c wp-block-columns-is-layout-flex\" style=\"padding-right:0;padding-left:0\">\n<div class=\"wp-block-column is-layout-flow wp-block-column-is-layout-flow\">\n<div class=\"wp-block-group is-vertical is-content-justification-center is-nowrap is-layout-flex wp-container-core-group-is-layout-63bfd6c1 wp-block-group-is-layout-flex\">\n<p><\/p>\n\n\n\n<p class=\"has-text-align-left has-small-font-size\"><\/p>\n<\/div>\n<\/div>\n\n\n\n<div class=\"wp-block-column is-layout-flow wp-block-column-is-layout-flow\">\n<figure class=\"wp-block-image aligncenter size-full is-resized is-style-rounded is-style-rounded--13\"><img loading=\"lazy\" decoding=\"async\" width=\"300\" height=\"300\" src=\"https:\/\/cobdc.net\/18JCID\/wp-content\/uploads\/2026\/03\/12_Pedro-Rivilla.png\" alt=\"\" class=\"wp-image-640\" style=\"object-fit:cover;width:221px;height:auto\" srcset=\"https:\/\/cobdc.net\/18JCID\/wp-content\/uploads\/2026\/03\/12_Pedro-Rivilla.png 300w, https:\/\/cobdc.net\/18JCID\/wp-content\/uploads\/2026\/03\/12_Pedro-Rivilla-150x150.png 150w\" sizes=\"(max-width: 300px) 100vw, 300px\" \/><\/figure>\n\n\n\n<div class=\"wp-block-group is-vertical is-content-justification-center is-nowrap is-layout-flex wp-container-core-group-is-layout-21d4e958 wp-block-group-is-layout-flex\">\n<div style=\"height:0px\" aria-hidden=\"true\" class=\"wp-block-spacer wp-container-content-2aa4ec05\"><\/div>\n\n\n\n<p class=\"has-text-align-center has-small-font-size\"><strong><strong><strong><strong>Pedro Rivilla<\/strong><\/strong><\/strong><\/strong><\/p>\n\n\n\n<div style=\"height:6px\" aria-hidden=\"true\" class=\"wp-block-spacer wp-container-content-2aa4ec05\"><\/div>\n\n\n\n<p class=\"has-text-align-left has-small-font-size\">\u00c9s bibliotecari i documentalista audiovisual amb m\u00e9s de vint anys d\u2019experi\u00e8ncia en l\u2019\u00e0mbit de les biblioteques i la televisi\u00f3. Actualment treballa com a documentalista audiovisual a TV3 i ha estat director de biblioteca i bibliotecari itinerant a la Xarxa de Biblioteques Municipals. Graduat en Informaci\u00f3 i Documentaci\u00f3 per la Universitat de Barcelona, ha liderat equips, processos de planificaci\u00f3 estrat\u00e8gica i projectes d\u2019innovaci\u00f3 en entorns canviants. Especialitzat en gesti\u00f3 documental, prescripci\u00f3 lectora i dinamitzaci\u00f3 de serveis, aporta una mirada h\u00edbrida entre l\u2019\u00e0mbit audiovisual i el bibliotecari.&nbsp;<\/p>\n<\/div>\n<\/div>\n\n\n\n<div class=\"wp-block-column is-layout-flow wp-block-column-is-layout-flow\">\n<figure class=\"wp-block-image aligncenter size-full is-resized is-style-rounded is-style-rounded--14\"><img loading=\"lazy\" decoding=\"async\" width=\"300\" height=\"300\" src=\"https:\/\/cobdc.net\/18JCID\/wp-content\/uploads\/2025\/11\/Pep-Casals-1.png\" alt=\"\" class=\"wp-image-495\" style=\"object-fit:cover;width:220px;height:auto\" srcset=\"https:\/\/cobdc.net\/18JCID\/wp-content\/uploads\/2025\/11\/Pep-Casals-1.png 300w, https:\/\/cobdc.net\/18JCID\/wp-content\/uploads\/2025\/11\/Pep-Casals-1-150x150.png 150w\" sizes=\"(max-width: 300px) 100vw, 300px\" \/><\/figure>\n\n\n\n<div class=\"wp-block-group is-vertical is-content-justification-center is-nowrap is-layout-flex wp-container-core-group-is-layout-21d4e958 wp-block-group-is-layout-flex\">\n<div style=\"height:0px\" aria-hidden=\"true\" class=\"wp-block-spacer wp-container-content-2aa4ec05\"><\/div>\n\n\n\n<p class=\"has-text-align-center has-small-font-size\"><strong><strong><strong><strong>Pep Casals<\/strong><\/strong><\/strong><\/strong><\/p>\n\n\n\n<div style=\"height:6px\" aria-hidden=\"true\" class=\"wp-block-spacer wp-container-content-2aa4ec05\"><\/div>\n\n\n\n<p class=\"has-small-font-size\">Co-fundador de Nubilum i Coeli Enginyer t\u00e8cnic en Inform\u00e0tica per la Universitat Rovira<\/p>\n\n\n\n<p class=\"has-small-font-size\"> i Virgili i postgraduat en Direcci\u00f3 de Sistemes d\u2019Informaci\u00f3 per la UPC, \u00e9s cofundador i director de Nubilum i de la plataforma Coeli, dedicada a la gesti\u00f3 de col\u00b7leccions patrimonials i culturals. Amb m\u00e9s de trenta anys d\u2019experi\u00e8ncia en consultoria i direcci\u00f3 de projectes, ha liderat serveis i solucions per a arxius, biblioteques i museus, especialment en \u00e0mbits com la descrici\u00f3 i catalogaci\u00f3, l\u2019enriquiment de dades, la interoperabilitat i l\u2019aplicaci\u00f3 de la intel\u00b7lig\u00e8ncia artificial a la gesti\u00f3 documental. Combina una visi\u00f3 estrat\u00e8gica de negoci amb un s\u00f2lid coneixement tecnol\u00f2gic i una clara orientaci\u00f3 a les necessitats dels professionals de la informaci\u00f3 i la documentaci\u00f3.<\/p>\n<\/div>\n<\/div>\n\n\n\n<div class=\"wp-block-column is-layout-flow wp-block-column-is-layout-flow\">\n<div class=\"wp-block-group is-vertical is-content-justification-center is-nowrap is-layout-flex wp-container-core-group-is-layout-21d4e958 wp-block-group-is-layout-flex\">\n<p class=\"has-text-align-left has-small-font-size\"><\/p>\n\n\n\n<div style=\"height:0px\" aria-hidden=\"true\" class=\"wp-block-spacer wp-container-content-e742b050\"><\/div>\n<\/div>\n<\/div>\n<\/div>\n<\/div>\n","protected":false},"excerpt":{"rendered":"<p>Ana Moc\u00e9 Els seus estudis en l&#8217;\u00e0mbit de la biblioteconomia inclouen un Diploma en Biblioteconomia i Documentaci\u00f3 per la Universitat de Barcelona i una Llicenciatura en Documentaci\u00f3, especialitzaci\u00f3 en Sistemes d&#8217;Informaci\u00f3 i Documentaci\u00f3, per la Universitat Oberta de Catalunya. Tamb\u00e9 \u00e9s llicenciada en Filosofia i Ci\u00e8ncies de l&#8217;Educaci\u00f3 (Universitat de Val\u00e8ncia. Estudis Generals. Premi Extraordinari [&hellip;]<\/p>\n","protected":false},"author":1,"featured_media":0,"parent":0,"menu_order":0,"comment_status":"closed","ping_status":"closed","template":"","meta":{"footnotes":""},"class_list":["post-548","page","type-page","status-publish","hentry"],"_links":{"self":[{"href":"https:\/\/cobdc.net\/18JCID\/wp-json\/wp\/v2\/pages\/548","targetHints":{"allow":["GET"]}}],"collection":[{"href":"https:\/\/cobdc.net\/18JCID\/wp-json\/wp\/v2\/pages"}],"about":[{"href":"https:\/\/cobdc.net\/18JCID\/wp-json\/wp\/v2\/types\/page"}],"author":[{"embeddable":true,"href":"https:\/\/cobdc.net\/18JCID\/wp-json\/wp\/v2\/users\/1"}],"replies":[{"embeddable":true,"href":"https:\/\/cobdc.net\/18JCID\/wp-json\/wp\/v2\/comments?post=548"}],"version-history":[{"count":20,"href":"https:\/\/cobdc.net\/18JCID\/wp-json\/wp\/v2\/pages\/548\/revisions"}],"predecessor-version":[{"id":721,"href":"https:\/\/cobdc.net\/18JCID\/wp-json\/wp\/v2\/pages\/548\/revisions\/721"}],"wp:attachment":[{"href":"https:\/\/cobdc.net\/18JCID\/wp-json\/wp\/v2\/media?parent=548"}],"curies":[{"name":"wp","href":"https:\/\/api.w.org\/{rel}","templated":true}]}}