{"id":50,"date":"2025-10-28T18:50:22","date_gmt":"2025-10-28T16:50:22","guid":{"rendered":"https:\/\/cobdc.net\/18JCID\/?page_id=50"},"modified":"2026-04-29T10:09:52","modified_gmt":"2026-04-29T08:09:52","slug":"programa-dia-4","status":"publish","type":"page","link":"https:\/\/cobdc.net\/18JCID\/programa-dia-4\/","title":{"rendered":""},"content":{"rendered":"\n<div class=\"wp-block-group alignfull has-base-2-background-color has-background has-global-padding is-layout-constrained wp-container-core-group-is-layout-669513ed wp-block-group-is-layout-constrained\" style=\"margin-top:0;margin-bottom:0;padding-top:var(--wp--preset--spacing--50);padding-right:var(--wp--preset--spacing--50);padding-bottom:var(--wp--preset--spacing--50);padding-left:var(--wp--preset--spacing--50)\">\n<div class=\"wp-block-columns alignwide is-layout-flex wp-container-core-columns-is-layout-d0bbbce0 wp-block-columns-is-layout-flex\">\n\n\n<div class=\"wp-block-column has-background is-layout-flow wp-container-core-column-is-layout-e3d1c41b wp-block-column-is-layout-flow\" style=\"background-color:#c1d8f2\">\n<h3 class=\"wp-block-heading has-text-align-left is-style-default has-base-2-color has-accent-3-background-color has-text-color has-background has-link-color has-body-font-family wp-elements-a92c53a8d3925ad1136983b4324aaffc\" style=\"font-size:clamp(0.984rem, 0.984rem + ((1vw - 0.2rem) * 0.86), 1.5rem);font-style:normal;font-weight:600\"> PROGRAMA DIA 4 DE JUNY<\/h3>\n<\/div>\n\n\n<\/div>\n\n\n\n<div class=\"wp-block-columns alignwide is-layout-flex wp-container-core-columns-is-layout-d0bbbce0 wp-block-columns-is-layout-flex\">\n\n\n<div class=\"wp-block-column has-background is-layout-flow wp-container-core-column-is-layout-e3d1c41b wp-block-column-is-layout-flow\" style=\"background-color:#c1d8f2\">\n<h3 class=\"wp-block-heading has-text-align-left is-style-default has-base-2-color has-accent-3-background-color has-text-color has-background has-link-color has-body-font-family wp-elements-cab698b376077fa92b4b3ef8654712e6\" style=\"font-size:clamp(0.984rem, 0.984rem + ((1vw - 0.2rem) * 0.86), 1.5rem);font-style:normal;font-weight:600\">ESPAI AUDITORI<\/h3>\n<\/div>\n\n\n<\/div>\n\n\n\n<div style=\"margin-top:0;margin-bottom:0;height:29px\" aria-hidden=\"true\" class=\"wp-block-spacer\"><\/div>\n\n\n\n<div class=\"wp-block-columns alignwide is-layout-flex wp-container-core-columns-is-layout-d0bbbce0 wp-block-columns-is-layout-flex\">\n\n\n<div class=\"wp-block-column has-background is-layout-flow wp-container-core-column-is-layout-e3d1c41b wp-block-column-is-layout-flow\" style=\"background-color:#c1d8f2\">\n<h3 class=\"wp-block-heading has-text-align-left is-style-default has-base-2-color has-accent-3-background-color has-text-color has-background has-link-color has-body-font-family wp-elements-c663f6646027a33c621c2f7cc10e1059\" style=\"font-size:clamp(0.984rem, 0.984rem + ((1vw - 0.2rem) * 0.86), 1.5rem);font-style:normal;font-weight:600\">8.00 &#8211; ACREDITACIONS<\/h3>\n<\/div>\n\n\n<\/div>\n\n\n\n<div style=\"margin-top:0;margin-bottom:0;height:min(4rem, 5vw)\" aria-hidden=\"true\" class=\"wp-block-spacer\"><\/div>\n\n\n\n<div class=\"wp-block-columns alignwide is-layout-flex wp-container-core-columns-is-layout-d0bbbce0 wp-block-columns-is-layout-flex\">\n<div class=\"wp-block-column is-layout-flow wp-container-core-column-is-layout-e3d1c41b wp-block-column-is-layout-flow\">\n<h3 class=\"wp-block-heading has-text-align-left is-style-asterisk has-body-font-family has-medium-font-size\" style=\"font-style:normal;font-weight:600\">9.00 &#8211; <strong>Benvinguda a les 18JCID<\/strong><\/h3>\n\n\n\n<p class=\"has-text-align-left\"><strong>Amb F. Xavier Gonz\u00e1lez<\/strong>, President del COBDC<\/p>\n<\/div>\n\n\n\n<div class=\"wp-block-column is-layout-flow wp-container-core-column-is-layout-e3d1c41b wp-block-column-is-layout-flow\">\n<h3 class=\"wp-block-heading has-text-align-left is-style-asterisk has-body-font-family has-medium-font-size\" style=\"font-style:normal;font-weight:600\">9.15 &#8211; <strong>Confer\u00e8ncia inaugural<\/strong><\/h3>\n\n\n\n<p class=\"has-text-align-left\"><strong>Amb Ernest Maragall<\/strong>, economista i pol\u00edtic catal\u00e0<\/p>\n<\/div>\n\n\n<\/div>\n\n\n\n<div style=\"height:var(--wp--preset--spacing--20)\" aria-hidden=\"true\" class=\"wp-block-spacer\"><\/div>\n\n\n\n<div class=\"wp-block-columns alignwide is-layout-flex wp-container-core-columns-is-layout-d0bbbce0 wp-block-columns-is-layout-flex\">\n\n\n<div class=\"wp-block-column is-layout-flow wp-container-core-column-is-layout-e3d1c41b wp-block-column-is-layout-flow\">\n<h3 class=\"wp-block-heading has-text-align-left is-style-asterisk has-body-font-family has-medium-font-size\" style=\"font-style:normal;font-weight:600\">10.00 &#8211; <strong>Taula rodona: Avantguarda digital<\/strong><\/h3>\n\n\n\n<p class=\"has-text-align-left\">Amb <strong>Josep Asensi<\/strong>, soci fundador d\u2019Idcare; <strong>Lorena Fern\u00e1ndez<\/strong>, directora de comunicaci\u00f3 digital de la Universitat de Deusto i responsable de la Comissi\u00f3 d&#8217;Intel\u00b7lig\u00e8ncia Artificial; <strong>Nabil Saadallah<\/strong>, director de vendes d\u2019Innovative;<strong> Pep Casals<\/strong>, &nbsp;co-fundador de Nubilum i Coeli.&nbsp; <\/p>\n\n\n\n<p class=\"has-text-align-left\">Modera: <strong>\u00c0gueda Mercadal<\/strong>, bibliotec\u00e0ria referent dels Estudis de Psicologia i Ci\u00e8ncies de l\u2019Educaci\u00f3 a la UOC<\/p>\n\n\n\n<div style=\"margin-top:0;margin-bottom:0;height:16px\" aria-hidden=\"true\" class=\"wp-block-spacer\"><\/div>\n<\/div>\n\n\n<\/div>\n\n\n\n<div style=\"height:var(--wp--preset--spacing--20)\" aria-hidden=\"true\" class=\"wp-block-spacer\"><\/div>\n\n\n\n<div class=\"wp-block-columns alignwide is-layout-flex wp-container-core-columns-is-layout-d0bbbce0 wp-block-columns-is-layout-flex\">\n\n\n<div class=\"wp-block-column has-background is-layout-flow wp-container-core-column-is-layout-e3d1c41b wp-block-column-is-layout-flow\" style=\"background-color:#c1d8f2\">\n<h3 class=\"wp-block-heading has-text-align-left is-style-asterisk has-body-font-family has-medium-font-size\" style=\"font-style:normal;font-weight:600\">11.15 &#8211; PAUSA CAF\u00c8<\/h3>\n\n\n\n<p><\/p>\n<\/div>\n\n\n<\/div>\n\n\n\n<div style=\"margin-top:0;margin-bottom:0;height:16px\" aria-hidden=\"true\" class=\"wp-block-spacer\"><\/div>\n\n\n\n<div class=\"wp-block-columns alignwide is-layout-flex wp-container-core-columns-is-layout-d0bbbce0 wp-block-columns-is-layout-flex\">\n\n\n<div class=\"wp-block-column is-layout-flow wp-container-core-column-is-layout-e3d1c41b wp-block-column-is-layout-flow\">\n<h3 class=\"wp-block-heading has-text-align-left is-style-asterisk has-body-font-family has-medium-font-size\" style=\"font-style:normal;font-weight:600\">11.45 &#8211; <strong>Bibliotecas y tecnolog\u00eda: retos y oportunidades en la era de la IA, visi\u00f3n de Clarivate amb Nabil Saadallah, Clarivate.<\/strong><\/h3>\n\n\n\n<p class=\"has-text-align-left\"><\/p>\n<\/div>\n\n\n<\/div>\n\n\n\n<div style=\"margin-top:0;margin-bottom:0;height:16px\" aria-hidden=\"true\" class=\"wp-block-spacer\"><\/div>\n\n\n\n<div class=\"wp-block-columns alignwide is-layout-flex wp-container-core-columns-is-layout-d0bbbce0 wp-block-columns-is-layout-flex\">\n\n\n<div class=\"wp-block-column is-layout-flow wp-container-core-column-is-layout-e3d1c41b wp-block-column-is-layout-flow\">\n<h3 class=\"wp-block-heading has-text-align-left is-style-asterisk has-body-font-family has-medium-font-size\" style=\"font-style:normal;font-weight:600\">12.00 &#8211; <strong><strong>Presentaci\u00f3 de comunicacions i experi\u00e8ncies.<\/strong><\/strong><\/h3>\n\n\n\n<p><strong>Rol del bibliotecari davant del m\u00f3n de les dades<\/strong> \u2013 Autor: Francesc March, Bibliotecari de Sistemes i gesti\u00f3 de dades. Biblioteca de la Universitat Oberta de Catalunya (UOC).<\/p>\n\n\n\n<p class=\"has-text-align-left\"><strong>Quan les biblioteques somien en digital: transformaci\u00f3 digital a les Biblioteques de Barcelona i horitzons de futur.<\/strong> \u2013 Autors\/es: <strong>Ferran Burguillos<\/strong>, Gerent del Consorci de Biblioteques de Barcelona;<strong>Gemma Domingo Espinet<\/strong>, Directora de la Biblioteca Ignasi Igl\u00e9sias \u2013 Can Fabra. Consorci de Biblioteques de Barcelona;<strong>Jordi Gual Nevado<\/strong>, Director t\u00e8cnic. Consorci de Biblioteques de Barcelona; <strong>Rub\u00e9n Guill\u00e9n Guerrero<\/strong>, Departament d\u2019Acci\u00f3 Cultural i Educativa. Consorci de Biblioteques de Barcelona. <\/p>\n\n\n\n<p class=\"has-text-align-left\"><strong>Implantaci\u00f3 de la intel\u00b7lig\u00e8ncia artificial a la Xarxa de Biblioteques Municipals de la Diputaci\u00f3 de Barcelona<\/strong> &#8211; Autors\/es: <strong>Umbert Borruel L\u00f3pez<\/strong>, Responsable de Sistemes de Biblioteques. Direcci\u00f3 de Serveis de Tecnologies i Sistemes Corporatius; <strong>Alex Gil Juli\u00e1n<\/strong>, Enginyer de recerca s\u00e8nior.Grup de Visualitzaci\u00f3 de Dades i An\u00e0lisis.Barcelona Supercomputing Center-Centro Nacional de Supercomputaci\u00f3n; &nbsp;<strong>N\u00faria Pi Vendrell<\/strong>, Cap de la Secci\u00f3 de Tecnologies de la Informaci\u00f3. Oficina de Serveis a la Xarxa de Biblioteques. Ger\u00e8ncia de Serveis de Biblioteques; <strong>Judit Terma Grassa<\/strong>, &nbsp;Cap de l\u2019Oficina de Serveis a la Xarxa de Biblioteques. Ger\u00e8ncia de Serveis de Biblioteques.<\/p>\n<\/div>\n\n\n<\/div>\n\n\n\n<div style=\"margin-top:0;margin-bottom:0;height:16px\" aria-hidden=\"true\" class=\"wp-block-spacer\"><\/div>\n\n\n\n<div class=\"wp-block-columns alignwide is-layout-flex wp-container-core-columns-is-layout-d0bbbce0 wp-block-columns-is-layout-flex\">\n\n\n<div class=\"wp-block-column is-layout-flow wp-container-core-column-is-layout-e3d1c41b wp-block-column-is-layout-flow\">\n<h3 class=\"wp-block-heading has-text-align-left is-style-asterisk has-body-font-family has-medium-font-size\" style=\"font-style:normal;font-weight:600\">12.45 &#8211; <strong><strong>Taula rodona: Trinxera Social<\/strong><\/strong><\/h3>\n\n\n\n<p class=\"has-text-align-left\" style=\"font-size:13px\">Amb <strong>Ana Moce<\/strong>, Cap de la Secci\u00f3 de Programes d&#8217;Innovaci\u00f3 i de Foment de la Lectura al Servei de Biblioteques del Departament de Cultura de la Generalitat de Catalunya; <strong>C\u00e8sar Moreno<\/strong> T\u00e8cnic de gesti\u00f3 cultural a la Direcci\u00f3 d&#8217;Acci\u00f3 Cultural i Educativa de Biblioteques de Barcelona; <strong>Laura Avi\u00e0<\/strong>, responsable d\u2019una biblioteca p\u00fablica en un municipi rural. <\/p>\n\n\n\n<p class=\"has-text-align-left\" style=\"font-size:13px\">Modera: <strong>Alena Moragas<\/strong>, responsable de la Biblioteca Pompeu Fabra de Riells i Viabrea.<\/p>\n<\/div>\n\n\n<\/div>\n\n\n\n<div style=\"margin-top:0;margin-bottom:0;height:16px\" aria-hidden=\"true\" class=\"wp-block-spacer\"><\/div>\n\n\n\n<div class=\"wp-block-columns alignwide is-layout-flex wp-container-core-columns-is-layout-d0bbbce0 wp-block-columns-is-layout-flex\">\n\n\n<div class=\"wp-block-column has-background is-layout-flow wp-container-core-column-is-layout-e3d1c41b wp-block-column-is-layout-flow\" style=\"background-color:#c1d8f2\">\n<h3 class=\"wp-block-heading has-text-align-left is-style-asterisk has-body-font-family has-medium-font-size\" style=\"font-style:normal;font-weight:600\">14.00 &#8211; PAUSA DINAR<\/h3>\n\n\n\n<p><\/p>\n<\/div>\n\n\n<\/div>\n\n\n\n<div style=\"margin-top:0;margin-bottom:0;height:16px\" aria-hidden=\"true\" class=\"wp-block-spacer\"><\/div>\n\n\n\n<div class=\"wp-block-columns alignwide is-layout-flex wp-container-core-columns-is-layout-d0bbbce0 wp-block-columns-is-layout-flex\">\n\n\n<div class=\"wp-block-column is-layout-flow wp-container-core-column-is-layout-e3d1c41b wp-block-column-is-layout-flow\">\n<h3 class=\"wp-block-heading has-text-align-left is-style-asterisk has-body-font-family has-medium-font-size\" style=\"font-style:normal;font-weight:600\">15.30 &#8211; <strong><strong>Presentaci\u00f3 t\u00e8cnica &#8211; Nubilum<\/strong><\/strong><\/h3>\n\n\n\n<p><\/p>\n<\/div>\n\n\n<\/div>\n\n\n\n<div style=\"margin-top:0;margin-bottom:0;height:16px\" aria-hidden=\"true\" class=\"wp-block-spacer\"><\/div>\n\n\n\n<div class=\"wp-block-columns alignwide is-layout-flex wp-container-core-columns-is-layout-d0bbbce0 wp-block-columns-is-layout-flex\">\n\n\n<div class=\"wp-block-column is-layout-flow wp-container-core-column-is-layout-e3d1c41b wp-block-column-is-layout-flow\">\n<h3 class=\"wp-block-heading has-text-align-left is-style-asterisk has-body-font-family has-medium-font-size\" style=\"font-style:normal;font-weight:600\">15.45 &#8211; <strong><strong><strong><strong><strong>Presentaci\u00f3 de comunicacions i experi\u00e8ncies.<\/strong><\/strong><\/strong><\/strong><\/strong><\/h3>\n\n\n\n<p class=\"has-text-align-left\" style=\"font-size:13px\"><strong>Dades per la recerca hist\u00f2rica. Una proposta de model de descripci\u00f3 per datasets d\u2019arxiu<\/strong>. \u2013 Autoria: <strong>Eva Torrent<\/strong>, Membre del consell redactor de La DaDa, revista digital d\u2019arxiv\u00edstica.<\/p>\n\n\n\n<p><strong>Els grups focals: prendre decisions a partir de l\u2019escolta activa dels usuaris.<\/strong> \u2013 Autors: <strong>Dami\u00e0 Gil Cano<\/strong>, Universitat Aut\u00f2noma de Barcelona. Biblioteca de Ci\u00e8ncia i Tecnologia; Is\u00e0vena Opisso Atienza, Universitat Aut\u00f2noma de Barcelona. Biblioteca de Ci\u00e8ncia i Tecnologia.<\/p>\n\n\n\n<p><strong>Programa LEGO Build the Change a les biblioteques de Cerdanyola del Vall\u00e8s i de Manresa<\/strong> \u2013 Autor\/es: <strong>Andreu Orte del Molino<\/strong>, Xarxa de biblioteques Municipals de la Diputaci\u00f3 de Barcelona; <strong>N\u00faria Ojalvo Leonat<\/strong>, Biblioteca de Cerdanyola; <strong>Neus Capdevila Oliveras<\/strong>, Biblioteques de Manresa.<\/p>\n\n\n\n<p><strong>Los archivos audiovisuales: entre la obligaci\u00f3n de conservar y el compromiso de difundir.<\/strong> \u2013 Autora: <strong>Ana B. R\u00edos Hilario<\/strong>, professora titular del Departament de Biblioteconomia i Documentaci\u00f3 de la Universitat de Salamanca.<\/p>\n\n\n\n<p><strong>La censura de col\u00b7leccions bibliogr\u00e0fiques a biblioteques a partir de la jurisprud\u00e8ncia internacional: Board of Education, Island Trees Union Free School District v. Pico.<\/strong> \u2013 Autors: <strong>Ana Moce<\/strong>, cap de la Secci\u00f3 de Programes d\u2019Innovaci\u00f3 i Foment de la Lectura. Servei de Biblioteques del Departament de Cultura de la Generalitat de Catalunya; <strong>Josep Vives<\/strong>, cap del Servei de Biblioteques del Departament de Cultura de la Generalitat de Catalunya.<\/p>\n\n\n\n<p><strong>Els plans de lectura municipal i supramunicipals en el marc del Pla Nacional del Llibre i la Lectura: an\u00e0lisi de resultats.<\/strong> \u2013 Autors: <strong>Ana Moce<\/strong>, cap de la Secci\u00f3 de Programes d\u2019Innovaci\u00f3 i Foment de la Lectura. Servei de Biblioteques del Departament de Cultura de la Generalitat de Catalunya; <strong>Josep Vives<\/strong>, cap del Servei de Biblioteques del Departament de Cultura de la Generalitat de Catalunya.<\/p>\n\n\n\n<p><strong>Dissenyant l\u2019ADN de la col\u00b7lecci\u00f3: criteris per a la futura Biblioteca P\u00fablica de l\u2019Estat a Barcelona<\/strong> \u2013 Autor: <strong>Francesc Xavier Gonz\u00e0lez Cuadra<\/strong>.<\/p>\n\n\n\n<p><strong>Construint una cultura de Ci\u00e8ncia Oberta a l\u2019ICAC<\/strong> \u2013 Autora: <strong>Lydia Gil<\/strong>, Institut Catal\u00e0 d\u2019Arqueologia Cl\u00e0ssica.<\/p>\n<\/div>\n\n\n<\/div>\n\n\n\n<div style=\"margin-top:0;margin-bottom:0;height:16px\" aria-hidden=\"true\" class=\"wp-block-spacer\"><\/div>\n\n\n\n<div class=\"wp-block-columns alignwide is-layout-flex wp-container-core-columns-is-layout-d0bbbce0 wp-block-columns-is-layout-flex\">\n\n\n<div class=\"wp-block-column is-layout-flow wp-container-core-column-is-layout-e3d1c41b wp-block-column-is-layout-flow\">\n<h3 class=\"wp-block-heading has-text-align-left is-style-asterisk has-body-font-family has-medium-font-size\" style=\"font-style:normal;font-weight:600\">17.30 &#8211; <strong><strong>Presentaci\u00f3 t\u00e8cnica &#8211; IDCare<\/strong><\/strong><\/h3>\n\n\n\n<p><\/p>\n<\/div>\n\n\n<\/div>\n\n\n\n<div style=\"margin-top:0;margin-bottom:0;height:16px\" aria-hidden=\"true\" class=\"wp-block-spacer\"><\/div>\n\n\n\n<div class=\"wp-block-columns alignwide is-layout-flex wp-container-core-columns-is-layout-d0bbbce0 wp-block-columns-is-layout-flex\">\n\n\n<div class=\"wp-block-column is-layout-flow wp-container-core-column-is-layout-e3d1c41b wp-block-column-is-layout-flow\">\n<h3 class=\"wp-block-heading has-text-align-left is-style-asterisk has-body-font-family has-medium-font-size\" style=\"font-style:normal;font-weight:600\">17.45 &#8211; <strong><strong>Premi COBDC a la traject\u00f2ria<\/strong><\/strong><\/h3>\n<\/div>\n\n\n<\/div>\n\n\n\n<div style=\"margin-top:0;margin-bottom:0;height:16px\" aria-hidden=\"true\" class=\"wp-block-spacer\"><\/div>\n\n\n\n<div class=\"wp-block-columns alignwide is-layout-flex wp-container-core-columns-is-layout-d0bbbce0 wp-block-columns-is-layout-flex\">\n\n\n<div class=\"wp-block-column is-layout-flow wp-container-core-column-is-layout-e3d1c41b wp-block-column-is-layout-flow\">\n<h3 class=\"wp-block-heading has-text-align-left is-style-asterisk has-body-font-family has-medium-font-size\" style=\"font-style:normal;font-weight:600\">18.30 &#8211; E<strong><strong>spai social amb m\u00fasica en directe<\/strong><\/strong><\/h3>\n<\/div>\n\n\n<\/div>\n\n\n\n<div style=\"margin-top:0;margin-bottom:0;height:49px\" aria-hidden=\"true\" class=\"wp-block-spacer\"><\/div>\n\n\n\n<div class=\"wp-block-columns alignwide is-layout-flex wp-container-core-columns-is-layout-d0bbbce0 wp-block-columns-is-layout-flex\">\n\n\n<div class=\"wp-block-column has-background is-layout-flow wp-container-core-column-is-layout-e3d1c41b wp-block-column-is-layout-flow\" style=\"background-color:#c1d8f2\">\n<h3 class=\"wp-block-heading has-text-align-left is-style-default has-base-2-color has-accent-3-background-color has-text-color has-background has-link-color has-body-font-family wp-elements-2b1d29feff0d9947ada0ae4304e91f54\" style=\"font-size:clamp(0.984rem, 0.984rem + ((1vw - 0.2rem) * 0.86), 1.5rem);font-style:normal;font-weight:600\">AULA 312<\/h3>\n<\/div>\n\n\n<\/div>\n\n\n\n<div style=\"margin-top:0;margin-bottom:0;height:19px\" aria-hidden=\"true\" class=\"wp-block-spacer\"><\/div>\n\n\n\n<div class=\"wp-block-columns alignwide is-layout-flex wp-container-core-columns-is-layout-d0bbbce0 wp-block-columns-is-layout-flex\">\n\n\n<div class=\"wp-block-column is-layout-flow wp-container-core-column-is-layout-e3d1c41b wp-block-column-is-layout-flow\">\n<h3 class=\"wp-block-heading has-text-align-left is-style-asterisk has-body-font-family has-medium-font-size\" style=\"font-style:normal;font-weight:600\">12.00 &#8211; <strong><strong><strong>CONTRA RELLOTGE DE P\u00d2STERS<\/strong><\/strong><\/strong><\/h3>\n\n\n\n<p><strong>Estrat\u00e8gies ling\u00fc\u00edstiques davant la moderaci\u00f3 de continguts a TikTok: el cas dels continguts de trastorns de la conducta aliment\u00e0ria. <\/strong>\u2013 Autors\/a: <strong>N\u00faria Vila Nogu\u00e9<\/strong>, Col\u00b7legi Oficial de Psicologia de Catalunya; &nbsp;<strong>Javier Guallar<\/strong> i <strong>Carlos Lopezosa<\/strong>, Universitat de Barcelona, Facultat d\u2019Informaci\u00f3 i Mitjans Audiovisuals<strong>.<\/strong><\/p>\n\n\n\n<p><strong>Biblioteca, comunitat i intel\u00b7lig\u00e8ncia artificial com a espai de resist\u00e8ncia informativa<\/strong> &#8211; <strong>Montse Lara<\/strong>, Biblioteca Municipal de Cervell\u00f3; <strong>Joan Carles Gil<\/strong>, President Associaci\u00f3 Cervemakers, <strong>Jordi Muncunill<\/strong>, Associaci\u00f3 Cervemakers.<\/p>\n\n\n\n<p><strong>Benvingudes a la resist\u00e8ncia, benvingudes a les biblioteques de museus. \u2013<\/strong> Grup de Treball de Biblioteques de Museus.<\/p>\n\n\n\n<p><strong>Quan la biblioteca parla el llenguatge dels estudiants: l\u2019experi\u00e8ncia InfoCom a la BCBL.<\/strong> \u2013 Autores: <strong>Beatriz Benitez<\/strong> i <strong>Marta Hern\u00e1ndez<\/strong>, Biblioteca del Campus del Baix Llobregat de la Universitat Polit\u00e8cnica de Catalunya Barcelona Tech.<\/p>\n\n\n\n<p><strong>Desfake: laboratori jove contra la desinformaci\u00f3.<\/strong> \u2013 Autora: <strong>M\u00edriam Iglesias Tresserras<\/strong>, Biblioteca Josep Badia i Moret &#8211; Ajuntament de l\u2019Ametlla del Vall\u00e8s.<\/p>\n\n\n\n<p><strong>BiblioLab 2025-2026: projectes que connecten entitats, comunitat i biblioteques per crear, experimentar i aprendre.<\/strong> &#8211;&nbsp; Autors\/a: <strong>S\u00f2nia Andr\u00e9s<\/strong>, <strong>Enric Vilagrosa<\/strong> i <strong>Andreu Orte<\/strong>.<\/p>\n\n\n\n<p><strong>La cobertura territorial i vital de la Xarxa de bibliobusos de la Diputaci\u00f3 de Barcelona. \u2013<\/strong> Autores: <strong>Esperan\u00e7a Pa\u00f1os<\/strong>, Cap de la Secci\u00f3 de Serveis bibliotecaris de la Ger\u00e8ncia de Serveis de Biblioteques de la Diputaci\u00f3 de Barcelona; <strong>Rosa Poch<\/strong>, Responsable de bibliobusos de la Ger\u00e8ncia de Serveis de Biblioteques de la Diputaci\u00f3 de Barcelona.<\/p>\n\n\n\n<p><strong>El valor social de les biblioteques p\u00fabliques.<\/strong> \u2013 Autor\/es: <strong>Teresa Nofrar\u00edas<\/strong>, <strong>Andreu Orte<\/strong>, <strong>Judith Vi\u00f1as<\/strong>, Unitat de Programaci\u00f3 i Innovaci\u00f3 de la Ger\u00e8ncia de Serveis de Biblioteques de la Diputaci\u00f3 de Barcelona.<\/p>\n<\/div>\n\n\n<\/div>\n\n\n\n<div style=\"margin-top:0;margin-bottom:0;height:20px\" aria-hidden=\"true\" class=\"wp-block-spacer\"><\/div>\n\n\n\n<div class=\"wp-block-columns alignwide is-layout-flex wp-container-core-columns-is-layout-d0bbbce0 wp-block-columns-is-layout-flex\">\n\n\n<div class=\"wp-block-column is-layout-flow wp-container-core-column-is-layout-e3d1c41b wp-block-column-is-layout-flow\">\n<h3 class=\"wp-block-heading has-text-align-left is-style-asterisk has-body-font-family has-medium-font-size\" style=\"font-style:normal;font-weight:600\">15.45 &#8211; <strong><strong><strong><strong>Us de la IA per extreure dades i informaci\u00f3 dels documents.<\/strong> &#8211; Vidimus<\/strong><\/strong><\/strong><\/h3>\n<\/div>\n\n\n<\/div>\n\n\n\n<div style=\"margin-top:0;margin-bottom:0;height:20px\" aria-hidden=\"true\" class=\"wp-block-spacer\"><\/div>\n\n\n\n<div class=\"wp-block-columns alignwide is-layout-flex wp-container-core-columns-is-layout-d0bbbce0 wp-block-columns-is-layout-flex\">\n\n\n<div class=\"wp-block-column is-layout-flow wp-container-core-column-is-layout-e3d1c41b wp-block-column-is-layout-flow\">\n<h3 class=\"wp-block-heading has-text-align-left is-style-asterisk has-body-font-family has-medium-font-size\" style=\"font-style:normal;font-weight:600\">16.00 &#8211; <strong><strong><strong><strong><strong><strong>Presentaci\u00f3 de comunicacions i experi\u00e8ncies<\/strong><\/strong><\/strong><\/strong><\/strong>.<\/strong><\/h3>\n\n\n\n<p><strong>Els BiblioLabs, l&#8217;evoluci\u00f3 de la formaci\u00f3 a la Biblioteca de la UOC.<\/strong> &#8211; Autores:&nbsp;<strong>Aida Camps Pin\u00f3s<\/strong>, Coordinadora t\u00e8cnica de Biblioteca per a l&#8217;Aprenentatge &#8211; \u00c0rea de Biblioteca i Recursos d&#8217;Aprenentatge; <strong>Carla<\/strong> <strong>Sivilla Castells<\/strong>,&nbsp; Cap de projectes &#8211; Producci\u00f3 de Recursos d\u2019Aprenentatge &#8211; \u00c0rea de Biblioteca i Recursos d\u2019Aprenentatge; <strong>Elisabet Cervera Biedma<\/strong>, Referent de Ci\u00e8ncies de la Salut &#8211; Biblioteca per a l&#8217;Aprenentatge &#8211; \u00c0rea de Biblioteca i Recursos d&#8217;Aprenentatge; <strong>In\u00e9s Cristina Fumero Morales<\/strong>,&nbsp; Assessorament pedag\u00f2gic &#8211; Producci\u00f3 de Recursos d\u2019Aprenentatge &#8211; \u00c0rea de Biblioteca i Recursos d&#8217;Aprenentatge; <strong>Neus Malagarriga Giribet<\/strong>,&nbsp; Referent de Ci\u00e8ncies de la Informaci\u00f3 i de la Comunicaci\u00f3 &#8211; Biblioteca per a l&#8217;Aprenentatge &#8211; \u00c0rea de Biblioteca i Recursos d&#8217;Aprenentatge; <strong>Rosa Lluss\u00e0 Vall\u00e8s<\/strong>,&nbsp; Gesti\u00f3 de la Col\u00b7lecci\u00f3 Digital &#8211; \u00c0rea de Biblioteca i Recursos d&#8217;Aprenentatge; <strong>Rut Vidal Oltra<\/strong>, Coordinadora t\u00e8cnica de Producci\u00f3 de Recursos d\u2019Aprenentatge &#8211; \u00c0rea de Biblioteca i Recursos d&#8217;Aprenentatge.<\/p>\n\n\n\n<p><strong>Projecte cocrea bibliolab \u201cbitxos\u201d.<\/strong> &#8211; <strong>Tom\u00e1s Ballesteros i Salla i Diego Fern\u00e1nde<\/strong>z l\u2019Associaci\u00f3 Bioeduca ; <strong>Inmaculada Grau Vendrell<\/strong>, Biblioteca La Ginesta (Begues); <strong>Anna Miralles Molina<\/strong>, Biblioteca Enric Miralles (Palafolls); <strong>Jordi Ch\u00e1vez L\u00f3pez,<\/strong> Biblioteca Canyad\u00f3 i Casagemes-Joan Argent\u00e9 (Badalona); <strong>Eva Jim\u00e9nez D\u00edaz<\/strong>, Biblioteca Ca l\u2019Altisent (Sant Climent de Llobregat).<\/p>\n\n\n\n<p><strong>Del prestatge a la ind\u00fastria: el personal bibliotecari de la BRGF com a facilitador de di\u00e0legs en l\u2019ecosistema d\u2019innovaci\u00f3 (IND+I Club).<\/strong> \u2013 Autores: <strong>Clara Poveda-Cabanillas<\/strong>, <strong>Carlota Serrano-Garc\u00eda<\/strong>, <strong>Marta Serrat-Brustenga<\/strong>, Biblioteca Rector Gabriel Ferrat\u00e9 (BRGF). Servei de Biblioteques, Publicacions i Arxius. Universitat Polit\u00e8cnica de Catalunya (UPC).<\/p>\n\n\n\n<p><strong>C\u00f3mo ense\u00f1ar preservaci\u00f3n digital en un grado universitario.<\/strong> \u2013 Autora: <strong>Mar\u00eda Jos\u00e9 Ba\u00f1os Moreno<\/strong>, professora ajudant doctora a la Facultat de Comunicaci\u00f3 i Documentaci\u00f3 de la Universitat de Murcia.<\/p>\n\n\n\n<p><strong>Metodologies centrades en la persona usu\u00e0ria en projectes amb perspectiva de g\u00e8nere i just\u00edcia epist\u00e8mica en el context GLAM: una an\u00e0lisi de 22 casos d&#8217;estudi d&#8217;arxius digitals sem\u00e0ntics i neurosimbolics. &#8211;<\/strong>&nbsp; Autor\/es: <strong>Elena G\u00f3mez<\/strong>, <strong>N\u00faria Ferran<\/strong>, <strong>Miquel Centelles<\/strong>, Universitat de Barcelona.<\/p>\n\n\n\n<p><strong>Grau de satisfacci\u00f3 dels titulats del M\u00e0ster de Gesti\u00f3 i Direcci\u00f3 de Biblioteques i Serveis d\u2019Informaci\u00f3 de la Facultat Informaci\u00f3 i Mitjans Audiovisuals de la Universitat de Barcelona.<\/strong> &#8211;&nbsp; Autores: <strong>Concepci\u00f3n Rodr\u00edguez Parada<\/strong>,&nbsp; <strong>Carina Rey Mart\u00edn<\/strong>, Departament de Biblioteconomia, Documentaci\u00f3 i Comunicaci\u00f3 Audiovisual. FIMA UB.<\/p>\n<\/div>\n\n\n<\/div>\n\n\n\n<div class=\"wp-block-columns alignwide is-layout-flex wp-container-core-columns-is-layout-d0bbbce0 wp-block-columns-is-layout-flex\">\n\n\n<div class=\"wp-block-column has-base-2-background-color has-background is-layout-flow wp-container-core-column-is-layout-e3d1c41b wp-block-column-is-layout-flow\">\n<div style=\"margin-top:0;margin-bottom:0;height:49px\" aria-hidden=\"true\" class=\"wp-block-spacer\"><\/div>\n\n\n\n<h3 class=\"wp-block-heading has-text-align-left is-style-default has-base-2-color has-accent-3-background-color has-text-color has-background has-link-color has-body-font-family wp-elements-899441b9e22759024cacc277f3192462\" style=\"font-size:clamp(0.984rem, 0.984rem + ((1vw - 0.2rem) * 0.86), 1.5rem);font-style:normal;font-weight:600\">AULA 313<\/h3>\n<\/div>\n\n\n<\/div>\n\n\n\n<div style=\"margin-top:0;margin-bottom:0;height:19px\" aria-hidden=\"true\" class=\"wp-block-spacer\"><\/div>\n\n\n\n<div class=\"wp-block-columns alignwide is-layout-flex wp-container-core-columns-is-layout-d0bbbce0 wp-block-columns-is-layout-flex\">\n\n\n<div class=\"wp-block-column is-layout-flow wp-container-core-column-is-layout-e3d1c41b wp-block-column-is-layout-flow\">\n<h3 class=\"wp-block-heading has-text-align-left is-style-asterisk has-body-font-family has-medium-font-size\" style=\"font-style:normal;font-weight:600\">15.45 &#8211; <strong><strong><strong><strong><strong><strong>Servicios de EBSCO para las Bibliotecas Universitarias e Institucionales \u2013 <\/strong>Pere Campanario.  EBSCO.<\/strong><\/strong><\/strong><\/strong><\/strong><\/h3>\n<\/div>\n\n\n<\/div>\n\n\n\n<div style=\"margin-top:0;margin-bottom:0;height:20px\" aria-hidden=\"true\" class=\"wp-block-spacer\"><\/div>\n\n\n\n<div class=\"wp-block-columns alignwide is-layout-flex wp-container-core-columns-is-layout-d0bbbce0 wp-block-columns-is-layout-flex\">\n\n\n<div class=\"wp-block-column is-layout-flow wp-container-core-column-is-layout-e3d1c41b wp-block-column-is-layout-flow\">\n<h3 class=\"wp-block-heading has-text-align-left is-style-asterisk has-body-font-family has-medium-font-size\" style=\"font-style:normal;font-weight:600\">16.00 &#8211; <strong><strong><strong><strong><strong><strong><strong><strong><strong><strong><strong>Presentaci\u00f3 de comunicacions i experi\u00e8ncies.<\/strong><\/strong><\/strong><\/strong><\/strong><\/strong><\/strong><\/strong><\/strong><\/strong><\/strong><\/h3>\n\n\n\n<p><strong>R\u00e0dio Maconda la veu de Biblioteques de Barcelona: cultura, llibres i comunitat. <\/strong>\u2013 Autora: <strong>Montse Pozo Bravo<\/strong>, T\u00e8cnica del departament d\u2019Acci\u00f3 Cultural i Educativa. Consorci de Biblioteques de Barcelona.&nbsp; &nbsp;<\/p>\n\n\n\n<p><strong>Mem\u00f2ria i biblioteca p\u00fabica. Proposta d\u2019una matriu d\u2019an\u00e0lisi per a l\u2019acceptaci\u00f3 de fons personals.<\/strong> \u2013 Autores: <strong>Antonia Reyes Rodr\u00edguez<\/strong>, Ger\u00e8ncia de Serveis de Biblioteques. Diputaci\u00f3 de Barcelona; <strong>Carina Rey<\/strong>, FIMA UB.<\/p>\n\n\n\n<p><strong>Tothom pot llegir: programa de foment de la lectura als municipis rurals.<\/strong> \u2013 Autor\/es: <strong>Neus Bertomeu<\/strong>, cap de la Central de Biblioteques de Terres de l\u2019Ebre. Servei de Biblioteques del Departament de Cultura de la Generalitat de Catalunya; <strong>Assumpta Carbonell<\/strong>, cap de la Secci\u00f3 de Planificaci\u00f3 i Avaluaci\u00f3 dels Serveis Bibliotecaris. Servei de Biblioteques del Departament de Cultura de la Generalitat de Catalunya; <strong>Josep Vives<\/strong>, cap del Servei de Biblioteques del Departament de Cultura de la Generalitat de Catalunya.<\/p>\n\n\n\n<p><strong>L&#8217;impuls de la lectura f\u00e0cil a Catalunya mitjan\u00e7ant les biblioteques p\u00fabliques i el Pla Nacional del Llibre i la Lectura<\/strong>. \u2013 Autors\/es: <strong>Joaquim Bejarano<\/strong>, director de l\u2019\u00c0rea del Llibre de l\u2019Institut Catal\u00e0 de les Empreses Culturals; <strong>Luciana Burin<\/strong>, T\u00e8cnica d\u2019Accessibilitat Cognitiva i Lleure Inclusiu a Dincat; <strong>Assumpta Carbonell<\/strong>, cap de la Secci\u00f3 de Planificaci\u00f3 i Avaluaci\u00f3 dels Serveis Bibliotecaris. Servei de Biblioteques del Departament de Cultura de la Generalitat de Catalunya;&nbsp;<strong>Joan Luna<\/strong>, bibliotecari del Servei de Biblioteques; <strong>Elisabet Serra<\/strong>, Codirectora de l\u2019Associaci\u00f3 Lectura F\u00e0cil; <strong>Laia Vidal<\/strong>, Responsable de projectes de l\u2019Associaci\u00f3 Lectura F\u00e0cil; <strong>Josep Vives<\/strong>, cap del Servei de Biblioteques del Departament de Cultura de la Generalitat de Catalunya.<\/p>\n\n\n\n<p><strong>Transfer\u00e8ncia de coneixement i foment de la lectura: desenvolupament d\u2019un club de lectura virtual en col\u00b7laboraci\u00f3 entre universitat i biblioteques p\u00fabliques.<\/strong> \u2013 Autors: <strong>Ra\u00fal Cor\u00e9<\/strong>, Gestor de Serveis als Usuaris, Biblioteca d\u2019Humanitats; <strong>Cristina Fern\u00e1ndez Vidal<\/strong>, Bibliotec\u00e0ria, Biblioteca d\u2019Humanitats.<\/p>\n<\/div>\n\n\n<\/div>\n\n\n\n<div style=\"margin-top:0;margin-bottom:0;height:20px\" aria-hidden=\"true\" class=\"wp-block-spacer\"><\/div>\n<\/div>\n","protected":false},"excerpt":{"rendered":"<p>Consultoria Experimenteu la fusi\u00f3 de la imaginaci\u00f3 i l&#8217;experi\u00e8ncia amb \u00c9tudes Architectural Solutions. PROGRAMA DIA 4 DE JUNY Experimenteu la fusi\u00f3 de la imaginaci\u00f3 i l&#8217;experi\u00e8ncia amb \u00c9tudes Architectural Solutions. Consultoria Experimenteu la fusi\u00f3 de la imaginaci\u00f3 i l&#8217;experi\u00e8ncia amb \u00c9tudes Architectural Solutions. ESPAI AUDITORI Experimenteu la fusi\u00f3 de la imaginaci\u00f3 i l&#8217;experi\u00e8ncia amb \u00c9tudes [&hellip;]<\/p>\n","protected":false},"author":1,"featured_media":0,"parent":0,"menu_order":0,"comment_status":"closed","ping_status":"closed","template":"","meta":{"footnotes":""},"class_list":["post-50","page","type-page","status-publish","hentry"],"_links":{"self":[{"href":"https:\/\/cobdc.net\/18JCID\/wp-json\/wp\/v2\/pages\/50","targetHints":{"allow":["GET"]}}],"collection":[{"href":"https:\/\/cobdc.net\/18JCID\/wp-json\/wp\/v2\/pages"}],"about":[{"href":"https:\/\/cobdc.net\/18JCID\/wp-json\/wp\/v2\/types\/page"}],"author":[{"embeddable":true,"href":"https:\/\/cobdc.net\/18JCID\/wp-json\/wp\/v2\/users\/1"}],"replies":[{"embeddable":true,"href":"https:\/\/cobdc.net\/18JCID\/wp-json\/wp\/v2\/comments?post=50"}],"version-history":[{"count":27,"href":"https:\/\/cobdc.net\/18JCID\/wp-json\/wp\/v2\/pages\/50\/revisions"}],"predecessor-version":[{"id":903,"href":"https:\/\/cobdc.net\/18JCID\/wp-json\/wp\/v2\/pages\/50\/revisions\/903"}],"wp:attachment":[{"href":"https:\/\/cobdc.net\/18JCID\/wp-json\/wp\/v2\/media?parent=50"}],"curies":[{"name":"wp","href":"https:\/\/api.w.org\/{rel}","templated":true}]}}