{"id":452,"date":"2025-11-14T10:59:31","date_gmt":"2025-11-14T08:59:31","guid":{"rendered":"https:\/\/cobdc.net\/18JCID\/?page_id=452"},"modified":"2026-01-15T18:24:15","modified_gmt":"2026-01-15T16:24:15","slug":"comite-cientific","status":"publish","type":"page","link":"https:\/\/cobdc.net\/18JCID\/comite-cientific\/","title":{"rendered":"Comit\u00e8 Cient\u00edfic"},"content":{"rendered":"\n<div class=\"wp-block-group alignfull has-background has-global-padding is-layout-constrained wp-container-core-group-is-layout-669513ed wp-block-group-is-layout-constrained\" style=\"background-color:#f4cfaf;margin-top:0;margin-bottom:0;padding-top:var(--wp--preset--spacing--50);padding-right:var(--wp--preset--spacing--50);padding-bottom:var(--wp--preset--spacing--50);padding-left:var(--wp--preset--spacing--50)\">\n<div style=\"height:30px\" aria-hidden=\"true\" class=\"wp-block-spacer\"><\/div>\n\n\n\n<div class=\"wp-block-columns alignwide is-layout-flex wp-container-core-columns-is-layout-4935966c wp-block-columns-is-layout-flex\" style=\"padding-right:0;padding-left:0\">\n<div class=\"wp-block-column is-layout-flow wp-block-column-is-layout-flow\">\n<figure class=\"wp-block-image aligncenter size-full is-resized is-style-rounded is-style-rounded--1\"><img fetchpriority=\"high\" decoding=\"async\" width=\"300\" height=\"300\" src=\"https:\/\/cobdc.net\/18JCID\/wp-content\/uploads\/2025\/11\/Agueda-Mercadal.jpg\" alt=\"\" class=\"wp-image-438\" style=\"aspect-ratio:1;object-fit:cover;width:250px\" srcset=\"https:\/\/cobdc.net\/18JCID\/wp-content\/uploads\/2025\/11\/Agueda-Mercadal.jpg 300w, https:\/\/cobdc.net\/18JCID\/wp-content\/uploads\/2025\/11\/Agueda-Mercadal-150x150.jpg 150w\" sizes=\"(max-width: 300px) 100vw, 300px\" \/><\/figure>\n\n\n\n<p class=\"has-text-align-center has-text-color has-link-color has-small-font-size wp-elements-58c7c928e666aa2fe28146c6703a1416\" style=\"color:#3d4836\"><strong><strong>\u00c0gueda Mercadal Torres<\/strong><\/strong><\/p>\n\n\n\n<p class=\"has-contrast-color has-text-color has-link-color wp-elements-9c734c5675d4b79758fb19c07cc6956f\">Diplomada en Biblioteconomia i Documentaci\u00f3 (UB), Llicenciada en Documentaci\u00f3 (UB) i M\u00e0ster en Educaci\u00f3 i TIC (E-learning) (UOC). \u00c9s bibliotec\u00e0ria referent dels Estudis de Psicologia i Ci\u00e8ncies de l\u2019Educaci\u00f3 a la UOC, on dona suport al professorat en la selecci\u00f3 i gesti\u00f3 de recursos d\u2019aprenentatge, resol consultes i proposa materials per a les assignatures. Forma part d\u2019un grup de treball de formaci\u00f3 dedicat a potenciar les compet\u00e8ncies digitals de la comunitat universit\u00e0ria i \u00e9s corresponsable de l\u2019elaboraci\u00f3 de biblioguies tem\u00e0tiques.<\/p>\n\n\n\n<p class=\"has-contrast-color has-text-color has-link-color wp-elements-b910118d6476e2866ac5137bcc253fbc\">La seva traject\u00f2ria professional s\u2019ha centrat en les ci\u00e8ncies de la informaci\u00f3 i, m\u00e9s recentment, en l\u2019aprenentatge en l\u00ednia. Ha treballat com a documentalista a la Biblioteca Josep Laporte (UAB), als laboratoris Zambon, a la Universitat de Barcelona i a CCyC (Antares Consulting). Durant cinc anys va compaginar el seu c\u00e0rrec actual amb el de bibliotec\u00e0ria dels Estudis de Ci\u00e8ncies de la Salut i de Compet\u00e8ncies TIC.<\/p>\n<\/div>\n\n\n\n<div class=\"wp-block-column is-layout-flow wp-block-column-is-layout-flow\">\n<figure class=\"wp-block-image aligncenter size-full is-resized is-style-rounded is-style-rounded--2\"><img decoding=\"async\" width=\"300\" height=\"300\" src=\"https:\/\/cobdc.net\/18JCID\/wp-content\/uploads\/2025\/11\/Aina-Giones.png\" alt=\"\" class=\"wp-image-439\" style=\"aspect-ratio:1;object-fit:cover;width:250px\" srcset=\"https:\/\/cobdc.net\/18JCID\/wp-content\/uploads\/2025\/11\/Aina-Giones.png 300w, https:\/\/cobdc.net\/18JCID\/wp-content\/uploads\/2025\/11\/Aina-Giones-150x150.png 150w\" sizes=\"(max-width: 300px) 100vw, 300px\" \/><\/figure>\n\n\n\n<p class=\"has-text-align-center has-text-color has-link-color has-small-font-size wp-elements-0290a845af79ced286dbfb53f622ed52\" style=\"color:#3d4836\"><strong><strong>Aina Giones<\/strong><\/strong><\/p>\n\n\n\n<p>S\u00f3c llicenciada en Biblioteconomia i Documentaci\u00f3 per la Universitat de Barcelona i compto amb un postgrau en SEO i SEM. La meva traject\u00f2ria professional s\u2019ha desenvolupat principalment en l\u2019\u00e0mbit universitari, amb experi\u00e8ncia en la gesti\u00f3 de recursos electr\u00f2nics, repositoris institucionals, activitats de recerca, comunicaci\u00f3 amb professorat i formaci\u00f3 d\u2019usuaris. Gran part dels meus anys de carrera han estat vinculats al sector de les escoles de negoci, on he aprofundit en la relaci\u00f3 entre recerca i impacte acad\u00e8mic. Tamb\u00e9 he tingut l\u2019oportunitat de realitzar estades internacionals a la Universitat d\u2019Aberystwyth i a l\u2019Inter-American Development Bank a Washington DC, a m\u00e9s de participar en congressos de refer\u00e8ncia com BOBCATSSS i IFLA. Actualment treballo a la part de contingut de Clarivate com a responsable de postvenda per a Espanya i Portugal.<\/p>\n<\/div>\n\n\n\n<div class=\"wp-block-column is-layout-flow wp-block-column-is-layout-flow\">\n<figure class=\"wp-block-image aligncenter size-full is-resized is-style-rounded is-style-rounded--3\"><img decoding=\"async\" width=\"300\" height=\"300\" src=\"https:\/\/cobdc.net\/18JCID\/wp-content\/uploads\/2025\/11\/Alena-Moragas.jpg\" alt=\"\" class=\"wp-image-440\" style=\"aspect-ratio:1;object-fit:cover;width:250px\" srcset=\"https:\/\/cobdc.net\/18JCID\/wp-content\/uploads\/2025\/11\/Alena-Moragas.jpg 300w, https:\/\/cobdc.net\/18JCID\/wp-content\/uploads\/2025\/11\/Alena-Moragas-150x150.jpg 150w\" sizes=\"(max-width: 300px) 100vw, 300px\" \/><\/figure>\n\n\n\n<p class=\"has-text-align-center has-text-color has-link-color has-small-font-size wp-elements-3e890bd4ba7e8a5821aa27b781a02abd\" style=\"color:#3d4836\"><strong><strong>Alena Moragas<\/strong><\/strong><\/p>\n\n\n\n<p>Llicenciada en Humanitats (UAB) i Graduada en Informaci\u00f3 i Documentaci\u00f3 (UOC), amb un postgrau en Xarxes Socials i M\u00e0rqueting Digital (UdG) i formaci\u00f3 en Prescripci\u00f3 Lectora (UB). Des del 2018 \u00e9s la responsable de la Biblioteca Pompeu Fabra de Riells i Viabrea, un equipament reconegut amb el Sello CCB 2024 pel projecte Env(b)elleix Riells i Viabrea, exemple d\u2019innovaci\u00f3 social i cultural en municipis rurals.<\/p>\n\n\n\n<p>Compromesa amb el valor p\u00fablic i comunitari de la lectura, forma part de la Xarxa de Biblioteques UNESCO de Catalunya.&nbsp;<\/p>\n\n\n\n<p>Centra la seva traject\u00f2ria en el desenvolupament de projectes que promouen la lectura, la cohesi\u00f3 social i el paper transformador de les biblioteques p\u00fabliques.<\/p>\n<\/div>\n<\/div>\n\n\n\n<div style=\"height:30px\" aria-hidden=\"true\" class=\"wp-block-spacer\"><\/div>\n\n\n\n<div class=\"wp-block-columns alignwide is-layout-flex wp-container-core-columns-is-layout-4935966c wp-block-columns-is-layout-flex\" style=\"padding-right:0;padding-left:0\">\n<div class=\"wp-block-column is-layout-flow wp-block-column-is-layout-flow\">\n<figure class=\"wp-block-image aligncenter size-full is-resized is-style-rounded is-style-rounded--4\"><img loading=\"lazy\" decoding=\"async\" width=\"300\" height=\"300\" src=\"https:\/\/cobdc.net\/18JCID\/wp-content\/uploads\/2025\/11\/Alexandre-Lopez-Borrull.jpg\" alt=\"\" class=\"wp-image-441\" style=\"aspect-ratio:1;object-fit:cover;width:250px\" srcset=\"https:\/\/cobdc.net\/18JCID\/wp-content\/uploads\/2025\/11\/Alexandre-Lopez-Borrull.jpg 300w, https:\/\/cobdc.net\/18JCID\/wp-content\/uploads\/2025\/11\/Alexandre-Lopez-Borrull-150x150.jpg 150w\" sizes=\"(max-width: 300px) 100vw, 300px\" \/><\/figure>\n\n\n\n<p class=\"has-text-align-center has-text-color has-link-color has-small-font-size wp-elements-d43cb335a074b926903e4f15ce0c69ca\" style=\"color:#3d4836\"><strong><strong>Alexandre L\u00f3pez-Borrull<\/strong><\/strong><\/p>\n\n\n\n<p>Alexandre L\u00f3pez-Borrull (Barcelona, 1974) \u00e9s doctor en Qu\u00edmica per la Universitat Aut\u00f2noma de Barcelona i llicenciat en Documentaci\u00f3 per la UOC. Actualment, \u00e9s professor agregat dels Estudis d&#8217;Informaci\u00f3 i Comunicaci\u00f3 de la UOC. Els seus \u00e0mbits de recerca investigaci\u00f3 inclouen la desinformaci\u00f3, la ci\u00e8ncia oberta i les revistes cient\u00edfiques. \u00c9s membre del grup de recerca GAME (Grup de recerca en Aprenentatges, Mitjans i Entreteniment) de la UOC. A m\u00e9s, \u00e9s autor del llibre Bulos cient\u00edficos: de la tierra plana al coronavirus.<\/p>\n<\/div>\n\n\n\n<div class=\"wp-block-column is-layout-flow wp-block-column-is-layout-flow\">\n<figure class=\"wp-block-image aligncenter size-full is-resized is-style-rounded is-style-rounded--5\"><img loading=\"lazy\" decoding=\"async\" width=\"300\" height=\"300\" src=\"https:\/\/cobdc.net\/18JCID\/wp-content\/uploads\/2025\/11\/ariel_color.jpg\" alt=\"\" class=\"wp-image-442\" style=\"aspect-ratio:1;object-fit:cover;width:250px\" srcset=\"https:\/\/cobdc.net\/18JCID\/wp-content\/uploads\/2025\/11\/ariel_color.jpg 300w, https:\/\/cobdc.net\/18JCID\/wp-content\/uploads\/2025\/11\/ariel_color-150x150.jpg 150w\" sizes=\"(max-width: 300px) 100vw, 300px\" \/><\/figure>\n\n\n\n<p class=\"has-text-align-center has-text-color has-link-color has-small-font-size wp-elements-51f7eee48c15f742c1534af311e1fe05\" style=\"color:#3d4836\"><strong><strong>Ariel Brito<\/strong><\/strong><\/p>\n\n\n\n<p>Licenciado en Historia por la Universidad de Las Palmas de Gran Canaria, graduado en Informaci\u00f3n y Documentaci\u00f3n por la Universidad Carlos III de Madrid y experto en Tecnolog\u00edas Avanzadas para la Gesti\u00f3n y Documentaci\u00f3n del Patrimonio Cultural por la UNED.<\/p>\n\n\n\n<p>Desde 2007 desarrolla su carrera profesional en el \u00e1mbito de las bibliotecas p\u00fablicas. Entre 2019 y 2024 presidi\u00f3 la Asociaci\u00f3n de Bibliotecarias\/os y Documentalistas de Canarias.<\/p>\n\n\n\n<p>Actualmente es uno de los responsables del Departamento de Gesti\u00f3n Cultural, Acci\u00f3n Social y Comunicaci\u00f3n de la Red de Bibliotecas Municipales de Las Palmas de Gran Canaria. Adem\u00e1s, coordina el grupo de Formaci\u00f3n de FESABID y es miembro del de Libre Acceso a la Informaci\u00f3n y Contra la Censura en Bibliotecas del Consejo de Cooperaci\u00f3n Bibliotecaria. Es docente en el Experto Universitario en Informaci\u00f3n y Documentaci\u00f3n, t\u00edtulo propio de la Universidad de Las Palmas de Gran Canaria<\/p>\n<\/div>\n\n\n\n<div class=\"wp-block-column is-layout-flow wp-block-column-is-layout-flow\">\n<figure class=\"wp-block-image aligncenter size-full is-resized is-style-rounded is-style-rounded--6\"><img loading=\"lazy\" decoding=\"async\" width=\"300\" height=\"300\" src=\"https:\/\/cobdc.net\/18JCID\/wp-content\/uploads\/2025\/11\/Carme-Galve.jpg\" alt=\"\" class=\"wp-image-443\" style=\"aspect-ratio:1;object-fit:cover;width:250px\" srcset=\"https:\/\/cobdc.net\/18JCID\/wp-content\/uploads\/2025\/11\/Carme-Galve.jpg 300w, https:\/\/cobdc.net\/18JCID\/wp-content\/uploads\/2025\/11\/Carme-Galve-150x150.jpg 150w\" sizes=\"(max-width: 300px) 100vw, 300px\" \/><\/figure>\n\n\n\n<p class=\"has-text-align-center has-text-color has-link-color has-small-font-size wp-elements-6f6e7bf1523a290666d17639e4d94957\" style=\"color:#3d4836\"><strong><strong>Carme Galve<\/strong><\/strong><\/p>\n\n\n\n<p>Directora de la Jaume Fuster<\/p>\n\n\n\n<p>\u200bLa seva tasca m\u00e9s reconeguda \u00e9s la direcci\u00f3 de la Biblioteca Jaume Fuster des de la seva obertura l&#8217;any 2005.<\/p>\n\n\n\n<p>\u200bSota la seva gesti\u00f3, la Jaume Fuster s&#8217;ha consolidat com una biblioteca p\u00fablica de refer\u00e8ncia a la ciutat, destacada pel seu dinamisme i el seu impacte cultural.<\/p>\n\n\n\n<p>Postgraduada per la Universitat Oberta i la UPC, ha escrit diversos articles professionals i ha participat en congressos internacionals , dedicant-se a potenciar el rol social i transformador dels equipaments bibliotecaris en el context urb\u00e0 contemporani.<\/p>\n\n\n\n<p>Tamb\u00e9 ha participat en associacionisme professional (Vicepresid\u00e8ncia COBDC)&nbsp; aix\u00ed com en projectes de cooperaci\u00f3 d&#8217;abast&nbsp; internacional per l&#8217;Ajuntament (Med Act) i pel programa AECID del Ministerio de Asuntos Exteriores y Cooperaci\u00f3n&nbsp;Internacional.<\/p>\n<\/div>\n<\/div>\n\n\n\n<div style=\"height:30px\" aria-hidden=\"true\" class=\"wp-block-spacer\"><\/div>\n\n\n\n<div class=\"wp-block-columns alignwide is-layout-flex wp-container-core-columns-is-layout-4935966c wp-block-columns-is-layout-flex\" style=\"padding-right:0;padding-left:0\">\n<div class=\"wp-block-column is-layout-flow wp-block-column-is-layout-flow\">\n<figure class=\"wp-block-image aligncenter size-full is-resized is-style-rounded is-style-rounded--7\"><img loading=\"lazy\" decoding=\"async\" width=\"300\" height=\"300\" src=\"https:\/\/cobdc.net\/18JCID\/wp-content\/uploads\/2025\/11\/Ester-Omella.jpg\" alt=\"\" class=\"wp-image-444\" style=\"aspect-ratio:1;object-fit:cover;width:250px\" srcset=\"https:\/\/cobdc.net\/18JCID\/wp-content\/uploads\/2025\/11\/Ester-Omella.jpg 300w, https:\/\/cobdc.net\/18JCID\/wp-content\/uploads\/2025\/11\/Ester-Omella-150x150.jpg 150w\" sizes=\"(max-width: 300px) 100vw, 300px\" \/><\/figure>\n\n\n\n<p class=\"has-text-align-center has-text-color has-link-color has-small-font-size wp-elements-400d49f2410ad4c3aebfef3092d403c8\" style=\"color:#3d4836\"><strong><strong>Ester Omella<\/strong><\/strong><\/p>\n\n\n\n<p>Responsable de Planificaci\u00f3 Territorial Bibliotec\u00e0ria i de Qualitat a la Diputaci\u00f3 de Barcelona. Actualment coordina el desplegament del Pla de Biblioteques i el seus programes de finan\u00e7ament, aix\u00ed com la implementaci\u00f3 del Model XBM de Biblioteca en Xarxa, centrat en la innovaci\u00f3, la cocreaci\u00f3 i el treball comunitari. Promou la planificaci\u00f3 bibliotec\u00e0ria territorial, dona suport als processos de creaci\u00f3 i adequaci\u00f3 de biblioteques i impulsa l\u2019avaluaci\u00f3 i la millora cont\u00ednua dels serveis, amb especial atenci\u00f3 al valor social i econ\u00f2mic de les biblioteques. Diplomada en Biblioteconomia i Documentaci\u00f3 (UB), llicenciada en Ci\u00e8ncies Pol\u00edtiques i Sociologia (UAB), i m\u00e0ster en Economia (UB). Des de 2021 \u00e9s membre del Comit\u00e8 Permanent de la Secci\u00f3 de Biblioteca P\u00fablica de la IFLA\/UNESCO i des d\u2019aquesta funci\u00f3, treballa activament en la implementaci\u00f3 del Nou Manifest de Biblioteca P\u00fablica IFLA\/Unesco. \u00c9s autora de nombrosos estudis i publicacions.<\/p>\n<\/div>\n\n\n\n<div class=\"wp-block-column is-layout-flow wp-block-column-is-layout-flow\">\n<figure class=\"wp-block-image aligncenter size-full is-resized is-style-rounded is-style-rounded--8\"><img loading=\"lazy\" decoding=\"async\" width=\"300\" height=\"300\" src=\"https:\/\/cobdc.net\/18JCID\/wp-content\/uploads\/2025\/11\/Jordi-Bosch.jpg\" alt=\"\" class=\"wp-image-445\" style=\"width:250px\" srcset=\"https:\/\/cobdc.net\/18JCID\/wp-content\/uploads\/2025\/11\/Jordi-Bosch.jpg 300w, https:\/\/cobdc.net\/18JCID\/wp-content\/uploads\/2025\/11\/Jordi-Bosch-150x150.jpg 150w\" sizes=\"(max-width: 300px) 100vw, 300px\" \/><\/figure>\n\n\n\n<p class=\"has-text-align-center has-text-color has-link-color has-small-font-size wp-elements-8ce9544d85952f450eb48693cd93548a\" style=\"color:#3d4836\"><strong><strong>Jordi Bosch Canalias<\/strong><\/strong><\/p>\n\n\n\n<p>Director de la Biblioteca Pla\u00e7a d&#8217;Europa de l&#8217;Hospitalet de Llobregat. Bibliotecari, llicenciat en Teoria de la Literatura i Literatura comparada, m\u00e0ster en Estudis Literaris i diploma d&#8217;especialitzaci\u00f3 en cultura, lectura i literatura per a infants i joves. Li agrada molt la paraula mediaci\u00f3 i el m\u00f3n adolescent. Ha volgut especialitzar-se en aquest \u00e0mbit per\u00f2 mai tindr\u00e0 clar haver-ho aconseguit. T\u00e9 alguns articles publicats sobre la connexi\u00f3 entre aquesta etapa vital i els espais i serveis bibliotecaris. Ha desenvolupat un projecte interar\u00edstic amb adolescents anomenat <strong>Atenci\u00f3, l&#8217;art de la pres\u00e8ncia<\/strong>&nbsp;en conson\u00e0ncia amb la biblioteca Gabriel Garc\u00eda M\u00e1rquez de Barcelona. Creu, fermament, que llegir i estimar s\u00f3n dos actes revolucionaris.<\/p>\n<\/div>\n\n\n\n<div class=\"wp-block-column is-layout-flow wp-block-column-is-layout-flow\">\n<figure class=\"wp-block-image aligncenter size-full is-resized is-style-rounded is-style-rounded--9\"><img loading=\"lazy\" decoding=\"async\" width=\"300\" height=\"300\" src=\"https:\/\/cobdc.net\/18JCID\/wp-content\/uploads\/2025\/11\/Lluis-Agusti.jpg\" alt=\"\" class=\"wp-image-446\" style=\"width:250px\" srcset=\"https:\/\/cobdc.net\/18JCID\/wp-content\/uploads\/2025\/11\/Lluis-Agusti.jpg 300w, https:\/\/cobdc.net\/18JCID\/wp-content\/uploads\/2025\/11\/Lluis-Agusti-150x150.jpg 150w\" sizes=\"(max-width: 300px) 100vw, 300px\" \/><\/figure>\n\n\n\n<p class=\"has-text-align-center has-text-color has-link-color has-small-font-size wp-elements-133097a3cb41c8d4e28ce7eb972353e8\" style=\"color:#3d4836\"><strong><strong>Llu\u00eds Agust\u00ed<\/strong><\/strong><\/p>\n\n\n\n<p>Diplomat en Biblioteconomia i Documentaci\u00f3, llicenciat en Filologia Rom\u00e0nica (galaico-portuguesa) i doctor en Informaci\u00f3 i Documentaci\u00f3 per la Universitat de Barcelona.<\/p>\n\n\n\n<p>Professor de la Facultat d\u2019Informaci\u00f3 i Mitjans Audiovisuals, director de l&#8217;Escola de Llibreria del Gremi de Llibreters de Catalunya i la Universitat de Barcelona, i coordinador del postgrau de Prescripci\u00f3 Lectora d\u2019aquesta mateixa Facultat.<\/p>\n\n\n\n<p>Ha estat membre de diversos equips d\u2019investigaci\u00f3, en l\u2019actualitat codirigeix el projecte de recerca: <em>Interferencias culturales: pol\u00edticas editoriales y circulaci\u00f3n del libro en el Atl\u00e1ntico hisp\u00e1nico (1492-1834).<\/em><\/p>\n\n\n\n<p>Al camp de l&#8217;estudi de la censura, comissari de la <em>Setmana de la Cultura Prohibida<\/em> i el cicle <em>Mordaces: les males conductes<\/em>, totes dues al Born Centre de Cultura i Mem\u00f2ria de l&#8217;Ajuntament de Barcelona.<\/p>\n\n\n\n<p style=\"border-style:none;border-width:0px;margin-bottom:var(--wp--preset--spacing--20)\">Ha estat director de biblioteques p\u00fabliques a Barcelona, i director de biblioteques a les ciutats de Lisboa, Par\u00eds, Brussel\u00b7les i Nova York.<\/p>\n<\/div>\n<\/div>\n\n\n\n<div class=\"wp-block-columns alignwide is-layout-flex wp-container-core-columns-is-layout-4935966c wp-block-columns-is-layout-flex\" style=\"padding-right:0;padding-left:0\">\n<div class=\"wp-block-column is-layout-flow wp-block-column-is-layout-flow\">\n<figure class=\"wp-block-image aligncenter size-full is-resized is-style-rounded is-style-rounded--10\"><img loading=\"lazy\" decoding=\"async\" width=\"300\" height=\"300\" src=\"https:\/\/cobdc.net\/18JCID\/wp-content\/uploads\/2025\/11\/Pep-Casals-1.png\" alt=\"\" class=\"wp-image-495\" style=\"width:250px\" srcset=\"https:\/\/cobdc.net\/18JCID\/wp-content\/uploads\/2025\/11\/Pep-Casals-1.png 300w, https:\/\/cobdc.net\/18JCID\/wp-content\/uploads\/2025\/11\/Pep-Casals-1-150x150.png 150w\" sizes=\"(max-width: 300px) 100vw, 300px\" \/><\/figure>\n\n\n\n<p class=\"has-text-align-center has-text-color has-link-color has-small-font-size wp-elements-096636a9ae49290d0c67fea6ca4e9c52\" style=\"color:#3d4836\"><strong><strong>Pep Casals<\/strong><\/strong><\/p>\n\n\n\n<p>Co-fundador de Nubilum i Coeli<\/p>\n\n\n\n<p>Enginyer t\u00e8cnic en Inform\u00e0tica per la Universitat Rovira i Virgili i postgraduat en Direcci\u00f3 de Sistemes d\u2019Informaci\u00f3 per la UPC, \u00e9s cofundador i director de Nubilum i de la plataforma Coeli, dedicada a la gesti\u00f3 de col\u00b7leccions&nbsp;patrimonials i culturals.&nbsp;Amb m\u00e9s de trenta anys d\u2019experi\u00e8ncia en consultoria i direcci\u00f3 de projectes, ha liderat serveis i solucions per a arxius, biblioteques i museus, especialment en \u00e0mbits com la descrici\u00f3 i catalogaci\u00f3, l\u2019enriquiment de&nbsp;dades, la interoperabilitat i l\u2019aplicaci\u00f3 de la intel\u00b7lig\u00e8ncia artificial a la gesti\u00f3 documental.&nbsp;Combina una visi\u00f3 estrat\u00e8gica de negoci amb un s\u00f2lid coneixement tecnol\u00f2gic i una clara&nbsp;orientaci\u00f3 a les necessitats dels professionals de la informaci\u00f3 i la documentaci\u00f3.<\/p>\n<\/div>\n\n\n\n<div class=\"wp-block-column is-layout-flow wp-block-column-is-layout-flow\">\n<figure class=\"wp-block-image aligncenter size-full is-resized is-style-rounded is-style-rounded--11\"><img loading=\"lazy\" decoding=\"async\" width=\"300\" height=\"300\" src=\"https:\/\/cobdc.net\/18JCID\/wp-content\/uploads\/2025\/11\/Silvia-Redondo.jpeg\" alt=\"\" class=\"wp-image-436\" style=\"width:250px\" srcset=\"https:\/\/cobdc.net\/18JCID\/wp-content\/uploads\/2025\/11\/Silvia-Redondo.jpeg 300w, https:\/\/cobdc.net\/18JCID\/wp-content\/uploads\/2025\/11\/Silvia-Redondo-150x150.jpeg 150w\" sizes=\"(max-width: 300px) 100vw, 300px\" \/><\/figure>\n\n\n\n<p class=\"has-text-align-center has-text-color has-link-color has-small-font-size wp-elements-b707e302dae832489958e3a2f691debc\" style=\"color:#3d4836\"><strong>S\u00edlvia Redondo<\/strong><\/p>\n\n\n\n<p>Cap de la Biblioteca d&#8217;Humanitats de la Universitat Aut\u00f2noma de Barcelona<\/p>\n\n\n\n<p>Llicenciada en Hist\u00f2ria i Documentaci\u00f3 i Diploma d\u2019Estudis Avan\u00e7ats. Ha completat tamb\u00e9 un Postgrau en Direcci\u00f3 i Gesti\u00f3 d\u2019Unitats d\u2019Informaci\u00f3, un Postgrau en Continguts Digitals i un M\u00e0ster en Gesti\u00f3 i Direcci\u00f3 de Biblioteques i Unitats d\u2019Informaci\u00f3.<\/p>\n\n\n\n<p>Ha estat membre de la Junta del COBDC i delegada del Consell Internacional EMEA d\u2019OCLC.<\/p>\n\n\n\n<p>Compta amb una \u00e0mplia experi\u00e8ncia professional. Ha treballat al Servei d&#8217;Arqueologia de Barcelona, al CRAI de la UB i durant m\u00e9s de cinc anys va dirigir una biblioteca p\u00fablica. Tamb\u00e9 va ser la cap de la Biblioteca del&nbsp; MNAC i actualment \u00e9s la Cap de la Biblioteca d\u2019Humanitats de la UAB.<\/p>\n\n\n\n<p>Ha participat en diferents projectes de recerca, ha estat professora de la FIMA (UB) i ha fet xerrades i publicat articles sobre temes diversos. Actualment est\u00e0 duent a terme la seva tesi doctoral en l\u2019\u00e0mbit de les biblioteques de museus i la ci\u00e8ncia oberta.<\/p>\n<\/div>\n\n\n\n<div class=\"wp-block-column is-layout-flow wp-block-column-is-layout-flow\">\n<figure class=\"wp-block-image aligncenter size-full is-resized is-style-rounded is-style-rounded--12\"><img loading=\"lazy\" decoding=\"async\" width=\"300\" height=\"300\" src=\"https:\/\/cobdc.net\/18JCID\/wp-content\/uploads\/2025\/11\/sofiamoller.jpg\" alt=\"\" class=\"wp-image-437\" style=\"width:250px\" srcset=\"https:\/\/cobdc.net\/18JCID\/wp-content\/uploads\/2025\/11\/sofiamoller.jpg 300w, https:\/\/cobdc.net\/18JCID\/wp-content\/uploads\/2025\/11\/sofiamoller-150x150.jpg 150w\" sizes=\"(max-width: 300px) 100vw, 300px\" \/><\/figure>\n\n\n\n<p class=\"has-text-align-center has-text-color has-link-color wp-elements-2b006e8409ef0ce3cafc383f030ec567\" style=\"color:#3d4836\"><strong>Sof\u00eda M\u00f6ller<\/strong><\/p>\n\n\n\n<p>Bibliotec\u00e0ria i graduada en Informaci\u00f3 i Documentaci\u00f3 per la UOC. Actualment estic a la direcci\u00f3 de la Biblioteca Roca Umbert de Granollers, dins la Xarxa de Biblioteques de Granollers.<\/p>\n\n\n\n<p>He desenvolupat projectes vinculats a la alfabetitzaci\u00f3 digital, la formaci\u00f3 d\u2019usuaris, la ci\u00e8ncia ciutadana, la lluita contra la desinformaci\u00f3 i la gesti\u00f3 de continguts.<\/p>\n\n\n\n<p>Tamb\u00e9 col\u00b7laboro a <em>BiblogTecarios<\/em> compartint reflexions i experi\u00e8ncies sobre el paper social de la biblioteca p\u00fablica i l&#8217;impacte de la tecnologia en el m\u00f3n de la informaci\u00f3. Conven\u00e7uda del poder social de la biblioteca p\u00fablica.<\/p>\n<\/div>\n<\/div>\n\n\n\n<div style=\"height:30px\" aria-hidden=\"true\" class=\"wp-block-spacer\"><\/div>\n<\/div>\n\n\n\n<p><\/p>\n","protected":false},"excerpt":{"rendered":"<p>\u00c0gueda Mercadal Torres Diplomada en Biblioteconomia i Documentaci\u00f3 (UB), Llicenciada en Documentaci\u00f3 (UB) i M\u00e0ster en Educaci\u00f3 i TIC (E-learning) (UOC). \u00c9s bibliotec\u00e0ria referent dels Estudis de Psicologia i Ci\u00e8ncies de l\u2019Educaci\u00f3 a la UOC, on dona suport al professorat en la selecci\u00f3 i gesti\u00f3 de recursos d\u2019aprenentatge, resol consultes i proposa materials per a [&hellip;]<\/p>\n","protected":false},"author":1,"featured_media":0,"parent":0,"menu_order":0,"comment_status":"closed","ping_status":"closed","template":"","meta":{"footnotes":""},"class_list":["post-452","page","type-page","status-publish","hentry"],"_links":{"self":[{"href":"https:\/\/cobdc.net\/18JCID\/wp-json\/wp\/v2\/pages\/452","targetHints":{"allow":["GET"]}}],"collection":[{"href":"https:\/\/cobdc.net\/18JCID\/wp-json\/wp\/v2\/pages"}],"about":[{"href":"https:\/\/cobdc.net\/18JCID\/wp-json\/wp\/v2\/types\/page"}],"author":[{"embeddable":true,"href":"https:\/\/cobdc.net\/18JCID\/wp-json\/wp\/v2\/users\/1"}],"replies":[{"embeddable":true,"href":"https:\/\/cobdc.net\/18JCID\/wp-json\/wp\/v2\/comments?post=452"}],"version-history":[{"count":8,"href":"https:\/\/cobdc.net\/18JCID\/wp-json\/wp\/v2\/pages\/452\/revisions"}],"predecessor-version":[{"id":514,"href":"https:\/\/cobdc.net\/18JCID\/wp-json\/wp\/v2\/pages\/452\/revisions\/514"}],"wp:attachment":[{"href":"https:\/\/cobdc.net\/18JCID\/wp-json\/wp\/v2\/media?parent=452"}],"curies":[{"name":"wp","href":"https:\/\/api.w.org\/{rel}","templated":true}]}}