{"id":421,"date":"2025-11-13T18:04:01","date_gmt":"2025-11-13T16:04:01","guid":{"rendered":"https:\/\/cobdc.net\/18JCID\/?page_id=421"},"modified":"2026-01-16T11:59:53","modified_gmt":"2026-01-16T09:59:53","slug":"eixos","status":"publish","type":"page","link":"https:\/\/cobdc.net\/18JCID\/eixos\/","title":{"rendered":"Eixos"},"content":{"rendered":"\n<div class=\"wp-block-group alignfull has-background has-global-padding is-layout-constrained wp-container-core-group-is-layout-1b225bdb wp-block-group-is-layout-constrained\" style=\"background-color:#9cc8c8;margin-top:0;margin-bottom:0;padding-top:0;padding-right:var(--wp--preset--spacing--30);padding-bottom:0;padding-left:var(--wp--preset--spacing--30)\">\n<div style=\"margin-top:0;margin-bottom:0;height:min(4rem, 5vw);width:0px\" aria-hidden=\"true\" class=\"wp-block-spacer\"><\/div>\n\n\n\n<div class=\"wp-block-columns alignwide is-layout-flex wp-container-core-columns-is-layout-d0bbbce0 wp-block-columns-is-layout-flex\">\n<div class=\"wp-block-column has-background is-layout-flow wp-container-core-column-is-layout-e3d1c41b wp-block-column-is-layout-flow\" style=\"background-color:#e2edf0\">\n<div style=\"height:20px\" aria-hidden=\"true\" class=\"wp-block-spacer\"><\/div>\n\n\n\n<h3 class=\"wp-block-heading has-text-align-center is-style-default has-text-color has-link-color has-body-font-family wp-elements-66db89b823eecadb8ef30d6a1f5926e9\" style=\"color:#3d4836;font-size:clamp(1.039rem, 1.039rem + ((1vw - 0.2rem) * 0.935), 1.6rem);font-style:normal;font-weight:600\"><strong>Avantguarda digital: <\/strong>Eix Tecnol\u00f2gic i IA<\/h3>\n\n\n\n<figure class=\"wp-block-image aligncenter size-full is-resized\"><img decoding=\"async\" width=\"167\" height=\"163\" src=\"https:\/\/cobdc.net\/18JCID\/wp-content\/uploads\/2025\/11\/eix-1.png\" alt=\"\" class=\"wp-image-423\" style=\"width:119px;height:auto\"\/><\/figure>\n\n\n\n<p class=\"has-text-align-left\" style=\"padding-right:var(--wp--preset--spacing--10);padding-left:var(--wp--preset--spacing--10)\">La intel\u00b7lig\u00e8ncia artificial i les noves tecnologies redefineixen la manera com creem, accedim i interpretem la informaci\u00f3. Ens situem davant d\u2019un escenari on la velocitat de la innovaci\u00f3 desafia la nostra capacitat cr\u00edtica i els nostres valors professionals.<br><strong>Com podem integrar aquestes eines sense perdre el criteri, l\u2019\u00e8tica i el sentit hum\u00e0 que ens defineixen?<\/strong><\/p>\n\n\n\n<div style=\"height:20px\" aria-hidden=\"true\" class=\"wp-block-spacer\"><\/div>\n<\/div>\n\n\n\n<div class=\"wp-block-column has-background is-layout-flow wp-container-core-column-is-layout-e3d1c41b wp-block-column-is-layout-flow\" style=\"background-color:#e2edf0\">\n<div style=\"height:20px\" aria-hidden=\"true\" class=\"wp-block-spacer\"><\/div>\n\n\n\n<h3 class=\"wp-block-heading has-text-align-center is-style-default has-text-color has-link-color has-body-font-family wp-elements-d024324ae97b8d6b007a1f7c671901fb\" style=\"color:#3d4836;font-size:clamp(1.039rem, 1.039rem + ((1vw - 0.2rem) * 0.935), 1.6rem);font-style:normal;font-weight:600\"><strong>Trinxera social: <\/strong>Eix Social<\/h3>\n\n\n\n<figure class=\"wp-block-image aligncenter size-full is-resized\"><img decoding=\"async\" width=\"167\" height=\"163\" src=\"https:\/\/cobdc.net\/18JCID\/wp-content\/uploads\/2026\/01\/barri-2.png\" alt=\"\" class=\"wp-image-568\" style=\"width:118px;height:auto\"\/><\/figure>\n\n\n\n<p class=\"has-text-align-left\" style=\"padding-right:var(--wp--preset--spacing--10);padding-left:var(--wp--preset--spacing--10)\">Les biblioteques i centres d\u2019informaci\u00f3 s\u00f3n espais on la comunitat troba refugi, di\u00e0leg i suport. En un m\u00f3n cada cop m\u00e9s fragmentat, desigual i polaritzat, aquests espais esdevenen trinxeres de resist\u00e8ncia democr\u00e0tica.<br><strong>Com mantenim viu el nostre comprom\u00eds social i inclusiu en temps d\u2019incertesa?<\/strong><\/p>\n<\/div>\n<\/div>\n\n\n\n<div style=\"height:47px;width:0px\" aria-hidden=\"true\" class=\"wp-block-spacer\"><\/div>\n\n\n\n<div class=\"wp-block-columns alignwide is-layout-flex wp-container-core-columns-is-layout-d0bbbce0 wp-block-columns-is-layout-flex\">\n<div class=\"wp-block-column has-background is-layout-flow wp-container-core-column-is-layout-e3d1c41b wp-block-column-is-layout-flow\" style=\"background-color:#e2edf0\">\n<div style=\"height:20px\" aria-hidden=\"true\" class=\"wp-block-spacer\"><\/div>\n\n\n\n<h3 class=\"wp-block-heading has-text-align-center is-style-default has-text-color has-link-color has-body-font-family wp-elements-e2152290649089e7bd6d95ba13a694f5\" style=\"color:#3d4836;font-size:clamp(1.039rem, 1.039rem + ((1vw - 0.2rem) * 0.935), 1.6rem);font-style:normal;font-weight:600\"><strong>Refugi del coneixement i la cultura: <\/strong>Eix Coneixement, Cultura i Informaci\u00f3<\/h3>\n\n\n\n<figure class=\"wp-block-image aligncenter size-full is-resized\"><img decoding=\"async\" width=\"167\" height=\"163\" src=\"https:\/\/cobdc.net\/18JCID\/wp-content\/uploads\/2025\/11\/coneixement.png\" alt=\"\" class=\"wp-image-469\" style=\"aspect-ratio:1.0246199381138168;width:109px;height:auto\"\/><\/figure>\n\n\n\n<p class=\"has-text-align-left\" style=\"margin-top:var(--wp--preset--spacing--10);margin-right:var(--wp--preset--spacing--10);margin-bottom:var(--wp--preset--spacing--10);margin-left:var(--wp--preset--spacing--10)\">Entre la desinformaci\u00f3, l\u2019exc\u00e9s de continguts i la p\u00e8rdua de referents, el coneixement es converteix en un acte de resist\u00e8ncia. Les biblioteques i centres d\u2019informaci\u00f3 s\u00f3n guardians de la mem\u00f2ria, del pensament cr\u00edtic i del dret a saber.<br><strong>Quines noves estrat\u00e8gies podem desplegar per protegir, compartir i reivindicar el coneixement com a b\u00e9 com\u00fa?<\/strong><\/p>\n<\/div>\n\n\n\n<div class=\"wp-block-column has-background is-layout-flow wp-container-core-column-is-layout-e3d1c41b wp-block-column-is-layout-flow\" style=\"background-color:#e2edf0\">\n<h3 class=\"wp-block-heading has-text-align-center is-style-default has-text-color has-link-color has-body-font-family wp-elements-03fb5bcbe42016bf9badc463ab4a5e80\" style=\"color:#3d4836;font-size:clamp(1.039rem, 1.039rem + ((1vw - 0.2rem) * 0.935), 1.6rem);font-style:normal;font-weight:600\"><br><strong>Front professional : <\/strong>Eix Professional<\/h3>\n\n\n\n<div style=\"height:17px\" aria-hidden=\"true\" class=\"wp-block-spacer\"><\/div>\n\n\n\n<figure class=\"wp-block-image aligncenter size-full is-resized\"><img loading=\"lazy\" decoding=\"async\" width=\"167\" height=\"163\" src=\"https:\/\/cobdc.net\/18JCID\/wp-content\/uploads\/2025\/11\/f-professional.png\" alt=\"\" class=\"wp-image-471\" style=\"aspect-ratio:1.0246096851018789;width:111px;height:auto\"\/><\/figure>\n\n\n\n<p class=\"has-text-align-left\" style=\"padding-right:var(--wp--preset--spacing--10);padding-left:var(--wp--preset--spacing--10)\">La professi\u00f3 es reinventa constantment: nous perfils, compet\u00e8ncies i reptes redefineixen el nostre paper en la societat. Som una comunitat activa, cr\u00edtica i compromesa amb la llibertat d\u2019expressi\u00f3 i l\u2019acc\u00e9s a la informaci\u00f3.<br><strong>Com podem seguir organitzant-nos, formant-nos i empoderant-nos per liderar aquesta resist\u00e8ncia col\u00b7lectiva?<\/strong><\/p>\n\n\n\n<div style=\"height:20px\" aria-hidden=\"true\" class=\"wp-block-spacer\"><\/div>\n<\/div>\n<\/div>\n\n\n\n<div style=\"height:47px;width:0px\" aria-hidden=\"true\" class=\"wp-block-spacer\"><\/div>\n<\/div>\n\n\n\n<p><\/p>\n","protected":false},"excerpt":{"rendered":"<p>Avantguarda digital: Eix Tecnol\u00f2gic i IA La intel\u00b7lig\u00e8ncia artificial i les noves tecnologies redefineixen la manera com creem, accedim i interpretem la informaci\u00f3. Ens situem davant d\u2019un escenari on la velocitat de la innovaci\u00f3 desafia la nostra capacitat cr\u00edtica i els nostres valors professionals.Com podem integrar aquestes eines sense perdre el criteri, l\u2019\u00e8tica i el [&hellip;]<\/p>\n","protected":false},"author":1,"featured_media":0,"parent":0,"menu_order":0,"comment_status":"closed","ping_status":"closed","template":"","meta":{"footnotes":""},"class_list":["post-421","page","type-page","status-publish","hentry"],"_links":{"self":[{"href":"https:\/\/cobdc.net\/18JCID\/wp-json\/wp\/v2\/pages\/421","targetHints":{"allow":["GET"]}}],"collection":[{"href":"https:\/\/cobdc.net\/18JCID\/wp-json\/wp\/v2\/pages"}],"about":[{"href":"https:\/\/cobdc.net\/18JCID\/wp-json\/wp\/v2\/types\/page"}],"author":[{"embeddable":true,"href":"https:\/\/cobdc.net\/18JCID\/wp-json\/wp\/v2\/users\/1"}],"replies":[{"embeddable":true,"href":"https:\/\/cobdc.net\/18JCID\/wp-json\/wp\/v2\/comments?post=421"}],"version-history":[{"count":12,"href":"https:\/\/cobdc.net\/18JCID\/wp-json\/wp\/v2\/pages\/421\/revisions"}],"predecessor-version":[{"id":570,"href":"https:\/\/cobdc.net\/18JCID\/wp-json\/wp\/v2\/pages\/421\/revisions\/570"}],"wp:attachment":[{"href":"https:\/\/cobdc.net\/18JCID\/wp-json\/wp\/v2\/media?parent=421"}],"curies":[{"name":"wp","href":"https:\/\/api.w.org\/{rel}","templated":true}]}}